{"id":62398,"date":"2019-04-09T13:57:12","date_gmt":"2019-04-09T16:57:12","guid":{"rendered":"https:\/\/crapa.org.br\/?page_id=62398"},"modified":"2021-09-02T11:25:03","modified_gmt":"2021-09-02T14:25:03","slug":"perguntas-frequentes-cra","status":"publish","type":"page","link":"https:\/\/crapa.org.br\/?page_id=62398","title":{"rendered":"Perguntas Frequentes"},"content":{"rendered":"\t\t<div data-elementor-type=\"wp-post\" data-elementor-id=\"62398\" class=\"elementor elementor-62398\">\n\t\t\t\t\t\t<div class=\"elementor-inner\">\n\t\t\t\t<div class=\"elementor-section-wrap\">\n\t\t\t\t\t\t\t\t\t<section class=\"elementor-section elementor-top-section elementor-element elementor-element-ea29c97 elementor-section-boxed elementor-section-height-default elementor-section-height-default\" data-id=\"ea29c97\" data-element_type=\"section\">\n\t\t\t\t\t\t<div class=\"elementor-container elementor-column-gap-default\">\n\t\t\t\t\t\t\t<div class=\"elementor-row\">\n\t\t\t\t\t<div class=\"elementor-column elementor-col-100 elementor-top-column elementor-element elementor-element-f2b697e\" data-id=\"f2b697e\" data-element_type=\"column\">\n\t\t\t<div class=\"elementor-column-wrap elementor-element-populated\">\n\t\t\t\t\t\t\t<div class=\"elementor-widget-wrap\">\n\t\t\t\t\t\t<div class=\"elementor-element elementor-element-31f77a3 elementor-tabs-view-horizontal elementor-widget elementor-widget-tabs\" data-id=\"31f77a3\" data-element_type=\"widget\" data-widget_type=\"tabs.default\">\n\t\t\t\t<div class=\"elementor-widget-container\">\n\t\t\t\t\t<div class=\"elementor-tabs\">\n\t\t\t<div class=\"elementor-tabs-wrapper\" role=\"tablist\" >\n\t\t\t\t\t\t\t\t\t<div id=\"elementor-tab-title-5231\" class=\"elementor-tab-title elementor-tab-desktop-title\" aria-selected=\"true\" data-tab=\"1\" role=\"tab\" tabindex=\"0\" aria-controls=\"elementor-tab-content-5231\" aria-expanded=\"false\"><a href=\"\">CRA e PROFISS\u00c3O<\/a><\/div>\n\t\t\t\t\t\t\t\t\t<div id=\"elementor-tab-title-5232\" class=\"elementor-tab-title elementor-tab-desktop-title\" aria-selected=\"false\" data-tab=\"2\" role=\"tab\" tabindex=\"-1\" aria-controls=\"elementor-tab-content-5232\" aria-expanded=\"false\"><a href=\"\">FISCALIZA\u00c7\u00c3O<\/a><\/div>\n\t\t\t\t\t\t\t\t\t<div id=\"elementor-tab-title-5233\" class=\"elementor-tab-title elementor-tab-desktop-title\" aria-selected=\"false\" data-tab=\"3\" role=\"tab\" tabindex=\"-1\" aria-controls=\"elementor-tab-content-5233\" aria-expanded=\"false\"><a href=\"\">REGISTRO<\/a><\/div>\n\t\t\t\t\t\t\t\t\t<div id=\"elementor-tab-title-5234\" class=\"elementor-tab-title elementor-tab-desktop-title\" aria-selected=\"false\" data-tab=\"4\" role=\"tab\" tabindex=\"-1\" aria-controls=\"elementor-tab-content-5234\" aria-expanded=\"false\"><a href=\"\">ANUIDADE<\/a><\/div>\n\t\t\t\t\t\t\t\t\t<div id=\"elementor-tab-title-5235\" class=\"elementor-tab-title elementor-tab-desktop-title\" aria-selected=\"false\" data-tab=\"5\" role=\"tab\" tabindex=\"-1\" aria-controls=\"elementor-tab-content-5235\" aria-expanded=\"false\"><a href=\"\">CANCELAMENTO<\/a><\/div>\n\t\t\t\t\t\t\t\t\t<div id=\"elementor-tab-title-5236\" class=\"elementor-tab-title elementor-tab-desktop-title\" aria-selected=\"false\" data-tab=\"6\" role=\"tab\" tabindex=\"-1\" aria-controls=\"elementor-tab-content-5236\" aria-expanded=\"false\"><a href=\"\">ACERVO T\u00c9CNICO<\/a><\/div>\n\t\t\t\t\t\t\t<\/div>\n\t\t\t<div class=\"elementor-tabs-content-wrapper\" role=\"tablist\" aria-orientation=\"vertical\">\n\t\t\t\t\t\t\t\t\t<div class=\"elementor-tab-title elementor-tab-mobile-title\" aria-selected=\"true\" data-tab=\"1\" role=\"tab\" tabindex=\"0\" aria-controls=\"elementor-tab-content-5231\" aria-expanded=\"false\">CRA e PROFISS\u00c3O<\/div>\n\t\t\t\t\t<div id=\"elementor-tab-content-5231\" class=\"elementor-tab-content elementor-clearfix\" data-tab=\"1\" role=\"tabpanel\" aria-labelledby=\"elementor-tab-title-5231\" tabindex=\"0\" hidden=\"false\"><div style=\"box-sizing: border-box; padding-right: 15px; padding-left: 15px; margin-right: auto; margin-left: auto; width: 870px; color: #777777; font-family: 'Open Sans', Arial, sans-serif; font-size: 14px; font-style: normal; font-variant-ligatures: normal; font-variant-caps: normal; font-weight: 400; letter-spacing: normal; orphans: 2; text-align: left; text-indent: 0px; text-transform: none; white-space: normal; widows: 2; word-spacing: 0px; -webkit-text-stroke-width: 0px; background-color: #ffffff; text-decoration-style: initial; text-decoration-color: initial;\">\u00a0<\/div><div style=\"box-sizing: border-box; padding-right: 15px; padding-left: 15px; margin-right: auto; margin-left: auto; width: 870px; color: #777777; font-family: 'Open Sans', Arial, sans-serif; font-size: 14px; font-style: normal; font-variant-ligatures: normal; font-variant-caps: normal; font-weight: 400; letter-spacing: normal; orphans: 2; text-align: start; text-indent: 0px; text-transform: none; white-space: normal; widows: 2; word-spacing: 0px; -webkit-text-stroke-width: 0px; background-color: #ffffff; text-decoration-style: initial; text-decoration-color: initial;\"><div style=\"box-sizing: border-box; margin-right: -15px; margin-left: -15px;\"><div style=\"box-sizing: border-box; position: relative; min-height: 1px; padding-right: 15px; padding-left: 15px; float: left; width: 870px;\"><div style=\"padding-right: 15px; padding-left: 15px; font-variant-ligatures: normal; font-variant-caps: normal; font-family: Roboto, sans-serif; font-size: 14px; font-style: normal; font-weight: 400; color: #7a7a7a; position: relative; min-height: 1px; float: left; width: 870px;\"><h1 style=\"margin-bottom: 15px; line-height: 44px; font-size: 2.6em; font-weight: 200; color: #0e0e0e; letter-spacing: -1px;\">Sobre CRA e a Profiss\u00e3o<\/h1><\/div><\/div><div style=\"box-sizing: border-box; position: relative; min-height: 1px; padding-right: 15px; padding-left: 15px; float: left; width: 870px;\"><div style=\"box-sizing: border-box; margin: 10px 0px 0px; position: relative; clear: both;\" data-plugin-toggle=\"\"><section style=\"box-sizing: border-box; display: block; margin: 10px 0px 0px; position: relative; clear: both;\"><label style=\"box-sizing: border-box; display: block; max-width: 100%; margin-bottom: 5px; font-weight: 400; transition: all 0.15s ease-out 0s; background: #1e3e76; border-left: 3px solid #1e3e76; border-radius: 5px; color: #ffffff; font-size: 1.3em; min-height: 20px; padding: 12px 20px 12px 10px; position: relative; cursor: pointer; border-right-color: #1e3e76; border-top-color: #1e3e76; border-bottom-color: #1e3e76;\">O que \u00e9 o CRA?<\/label><div style=\"box-sizing: border-box; display: block;\"><p style=\"box-sizing: border-box; margin: 0px; color: #777777; line-height: 24px; padding: 10px 0px;\"><span style=\"box-sizing: border-box; font-size: large;\">O Conselho Regional de Administra\u00e7\u00e3o do Par\u00e1, autarquia dotada de personalidade jur\u00eddica de direito p\u00fablico, com sede e foro em Bel\u00e9m\/PA e jurisdi\u00e7\u00e3o em todo o territ\u00f3rio do Estado do Par\u00e1, Criado pela Resolu\u00e7\u00e3o Normativa CFA n\u00ba 2, de 17\/01\/68, com sede e foro na cidade de Bel\u00e9m e jurisdi\u00e7\u00e3o no Estado do Par\u00e1, tem por finalidade cumprir e fazer cumprir a legisla\u00e7\u00e3o que regulamenta o exerc\u00edcio da profiss\u00e3o de Administrador e a fiscaliza\u00e7\u00e3o das atividades prestadas no campo da Administra\u00e7\u00e3o por pessoas f\u00edsicas e jur\u00eddicas; possuindo autonomia t\u00e9cnica, administrativa e financeira, al\u00e9m de se constituir no conjunto de autarquias do Sistema CFA\/CRAs.<\/span><\/p><p style=\"box-sizing: border-box; margin: 0px; color: #777777; line-height: 24px; padding: 10px 0px;\"><span style=\"box-sizing: border-box; font-size: large;\">O Conselho Regional de Administra\u00e7\u00e3o do Par\u00e1 \u00e9 o \u00f3rg\u00e3o normativo, consultivo, orientador, disciplinador e fiscalizador do exerc\u00edcio da profiss\u00e3o do Administrador, bem como controlador e fiscalizador das atividades financeiras e administrativas sob sua jurisdi\u00e7\u00e3o.<\/span><\/p><p style=\"box-sizing: border-box; margin: 0px; color: #777777; line-height: 24px; padding: 10px 0px;\">\u00a0<\/p><\/div><\/section><section style=\"box-sizing: border-box; display: block; margin: 10px 0px 0px; position: relative; clear: both;\"><label style=\"box-sizing: border-box; display: block; max-width: 100%; margin-bottom: 5px; font-weight: 400; transition: all 0.15s ease-out 0s; background: #1e3e76; border-left: 3px solid #1e3e76; border-radius: 5px; color: #ffffff; font-size: 1.3em; min-height: 20px; padding: 12px 20px 12px 10px; position: relative; cursor: pointer; border-right-color: #1e3e76; border-top-color: #1e3e76; border-bottom-color: #1e3e76;\">Finalidades do CRA?<\/label><div style=\"box-sizing: border-box; display: block;\"><table style=\"box-sizing: border-box; border-spacing: 0px; border-collapse: collapse; background-color: transparent; width: 1140px;\" border=\"2\" cellspacing=\"2\" cellpadding=\"2\" align=\"center\"><thead style=\"box-sizing: border-box;\"><tr style=\"box-sizing: border-box;\" align=\"center\" valign=\"middle\"><td style=\"box-sizing: border-box; padding: 0px;\" valign=\"top\" width=\"491\"><p style=\"box-sizing: border-box; margin: 0px 0px 20px; color: #777777; line-height: 24px;\" align=\"center\"><strong style=\"box-sizing: border-box; font-weight: bold;\"><span style=\"box-sizing: border-box; font-size: large;\">Finalidades<\/span><\/strong><\/p><\/td><td style=\"box-sizing: border-box; padding: 0px;\" valign=\"top\" width=\"151\"><p style=\"box-sizing: border-box; margin: 0px 0px 20px; color: #777777; line-height: 24px;\" align=\"center\"><strong style=\"box-sizing: border-box; font-weight: bold;\"><span style=\"box-sizing: border-box; font-size: large;\">Artigos da Lei 4.769\/65<\/span><\/strong><\/p><\/td><\/tr><\/thead><tbody style=\"box-sizing: border-box;\"><tr style=\"box-sizing: border-box;\"><td style=\"box-sizing: border-box; padding: 0px;\" valign=\"top\" width=\"291\"><p style=\"box-sizing: border-box; margin: 0px 0px 20px; color: #777777; line-height: 24px;\"><span style=\"box-sizing: border-box; font-size: large;\">Dar execu\u00e7\u00e3o \u00e0s diretrizes formuladas pelo Conselho Federal de Administra\u00e7\u00e3o<\/span><\/p><\/td><td style=\"box-sizing: border-box; padding: 0px;\" valign=\"top\" width=\"151\"><p style=\"box-sizing: border-box; margin: 0px 0px 20px; color: #777777; line-height: 24px;\" align=\"center\"><span style=\"box-sizing: border-box; font-size: large;\">8\u00ba, letra &#8220;a&#8221;<\/span><\/p><\/td><\/tr><tr style=\"box-sizing: border-box;\"><td style=\"box-sizing: border-box; padding: 0px;\" valign=\"top\" width=\"291\"><p style=\"box-sizing: border-box; margin: 0px 0px 20px; color: #777777; line-height: 24px;\"><span style=\"box-sizing: border-box; font-size: large;\">Fiscalizar, na \u00e1rea da respectiva jurisdi\u00e7\u00e3o, o exerc\u00edcio da profiss\u00e3o de Administrador<\/span><\/p><\/td><td style=\"box-sizing: border-box; padding: 0px;\" valign=\"top\" width=\"151\"><p style=\"box-sizing: border-box; margin: 0px 0px 20px; color: #777777; line-height: 24px;\" align=\"center\"><span style=\"box-sizing: border-box; font-size: large;\">8\u00ba, letra &#8220;b&#8221;<\/span><\/p><\/td><\/tr><tr style=\"box-sizing: border-box;\"><td style=\"box-sizing: border-box; padding: 0px;\" valign=\"top\" width=\"291\"><p style=\"box-sizing: border-box; margin: 0px 0px 20px; color: #777777; line-height: 24px;\"><span style=\"box-sizing: border-box; font-size: large;\">Organizar e manter o registro de Administrador<\/span><\/p><\/td><td style=\"box-sizing: border-box; padding: 0px;\" valign=\"top\" width=\"151\"><p style=\"box-sizing: border-box; margin: 0px 0px 20px; color: #777777; line-height: 24px;\" align=\"center\"><span style=\"box-sizing: border-box; font-size: large;\">8\u00ba, letra &#8220;c&#8221;<\/span><\/p><\/td><\/tr><tr style=\"box-sizing: border-box;\"><td style=\"box-sizing: border-box; padding: 0px;\" valign=\"top\" width=\"491\"><p style=\"box-sizing: border-box; margin: 0px 0px 20px; color: #777777; line-height: 24px;\"><span style=\"box-sizing: border-box; font-size: large;\">Julgar as infra\u00e7\u00f5es e impor as penalidades referidas nesta Lei<\/span><\/p><\/td><td style=\"box-sizing: border-box; padding: 0px;\" valign=\"top\" width=\"151\"><p style=\"box-sizing: border-box; margin: 0px 0px 20px; color: #777777; line-height: 24px;\" align=\"center\"><span style=\"box-sizing: border-box; font-size: large;\">8\u00ba, letra &#8220;d&#8221;<\/span><\/p><\/td><\/tr><tr style=\"box-sizing: border-box;\"><td style=\"box-sizing: border-box; padding: 0px;\" valign=\"top\" width=\"491\"><p style=\"box-sizing: border-box; margin: 0px 0px 20px; color: #777777; line-height: 24px;\"><span style=\"box-sizing: border-box; font-size: large;\">Expedir as carteiras profissionais dos Administradores<\/span><\/p><\/td><td style=\"box-sizing: border-box; padding: 0px;\" valign=\"top\" width=\"151\"><p style=\"box-sizing: border-box; margin: 0px 0px 20px; color: #777777; line-height: 24px;\" align=\"center\"><span style=\"box-sizing: border-box; font-size: large;\">8\u00ba, letra &#8220;e&#8221;<\/span><\/p><\/td><\/tr><tr style=\"box-sizing: border-box;\"><td style=\"box-sizing: border-box; padding: 0px;\" valign=\"top\" width=\"491\"><p style=\"box-sizing: border-box; margin: 0px 0px 20px; color: #777777; line-height: 24px;\"><span style=\"box-sizing: border-box; font-size: large;\">Elaborar o seu regimento interno para exame e aprova\u00e7\u00e3o pelo CFA<\/span><\/p><\/td><td style=\"box-sizing: border-box; padding: 0px;\" valign=\"top\" width=\"151\"><p style=\"box-sizing: border-box; margin: 0px 0px 20px; color: #777777; line-height: 24px;\" align=\"center\"><span style=\"box-sizing: border-box; font-size: large;\">8\u00ba, letra &#8220;f&#8221;<\/span><\/p><\/td><\/tr><tr style=\"box-sizing: border-box;\"><td style=\"box-sizing: border-box; padding: 0px;\" valign=\"top\" width=\"491\"><p style=\"box-sizing: border-box; margin: 0px 0px 20px; color: #777777; line-height: 24px;\"><span style=\"box-sizing: border-box; font-size: large;\">Eleger um delegado e um suplente para a assembleia de elei\u00e7\u00e3o dos membros do Conselho Federal, de que trata a al\u00ednea a do art.9\u00ba. (Inclu\u00edda pela Lei n\u00ba 6.642, de 1979)<\/span><\/p><\/td><td style=\"box-sizing: border-box; padding: 0px;\" valign=\"top\" width=\"151\"><p style=\"box-sizing: border-box; margin: 0px 0px 20px; color: #777777; line-height: 24px;\" align=\"center\"><span style=\"box-sizing: border-box; font-size: large;\">8\u00ba, letra &#8220;g&#8221;<\/span><\/p><\/td><\/tr><\/tbody><\/table><\/div><\/section><section style=\"box-sizing: border-box; display: block; margin: 10px 0px 0px; position: relative; clear: both;\"><label style=\"box-sizing: border-box; display: block; max-width: 100%; margin-bottom: 5px; font-weight: 400; transition: all 0.15s ease-out 0s; background: #1e3e76; border-left: 3px solid #1e3e76; border-radius: 5px; color: #ffffff; font-size: 1.3em; min-height: 20px; padding: 12px 20px 12px 10px; position: relative; cursor: pointer; border-right-color: #1e3e76; border-top-color: #1e3e76; border-bottom-color: #1e3e76;\">Que Legisla\u00e7\u00e3o Rege as Atividades do CRA?<\/label><div style=\"box-sizing: border-box; display: block;\"><p style=\"box-sizing: border-box; margin: 0px; color: #777777; line-height: 24px; padding: 10px 0px;\"><span style=\"box-sizing: border-box; font-size: large;\">As atividades dos Conselhos Regionais de Administra\u00e7\u00e3o s\u00e3o regidas pela Lei n\u00ba 4.769, de 9 de setembro de 1965, e regulamentadas pelo Decreto n\u00ba. 61.934, de 22 de dezembro de 1967, bem como por instru\u00e7\u00f5es e resolu\u00e7\u00f5es baixadas pelo Conselho Federal de Administra\u00e7\u00e3o (CFA).<\/span><\/p><p style=\"box-sizing: border-box; margin: 0px; color: #777777; line-height: 24px; padding: 10px 0px;\">\u00a0<\/p><\/div><\/section><section style=\"box-sizing: border-box; display: block; margin: 10px 0px 0px; position: relative; clear: both;\"><label style=\"box-sizing: border-box; display: block; max-width: 100%; margin-bottom: 5px; font-weight: 400; transition: all 0.15s ease-out 0s; background: #1e3e76; border-left: 3px solid #1e3e76; border-radius: 5px; color: #ffffff; font-size: 1.3em; min-height: 20px; padding: 12px 20px 12px 10px; position: relative; cursor: pointer; border-right-color: #1e3e76; border-top-color: #1e3e76; border-bottom-color: #1e3e76;\">O que \u00e9 o CFA?<\/label><div style=\"box-sizing: border-box; display: block;\"><p style=\"box-sizing: border-box; margin: 0px; color: #777777; line-height: 24px; padding: 10px 0px;\"><span style=\"box-sizing: border-box; font-size: large;\">O CFA \u00e9 um \u00f3rg\u00e3o normativo, consultivo, orientador e disciplinador do exerc\u00edcio da profiss\u00e3o, sediado na capital federal, respons\u00e1vel por controlar e fiscalizar as atividades financeiras e administrativas do Sistema Conselhos Federal e Regionais de Administra\u00e7\u00e3o. Este, que tem como miss\u00e3o Promover a Ci\u00eancia da Administra\u00e7\u00e3o valorizando as compet\u00eancias profissionais, a sustentabilidade das organiza\u00e7\u00f5es e o desenvolvimento do pa\u00eds, \u00e9 integrado pelo CFA e pelos 27 Conselhos Regionais de Administra\u00e7\u00e3o, sediados em todos os Estados da Federa\u00e7\u00e3o e no Distrito Federal.<\/span><\/p><p style=\"box-sizing: border-box; margin: 0px; color: #777777; line-height: 24px; padding: 10px 0px;\"><span style=\"box-sizing: border-box; font-size: large;\">O Conselho Federal de Administra\u00e7\u00e3o (CFA) tem como principais finalidades propugnar por uma adequada compreens\u00e3o dos problemas administrativos e sua racional solu\u00e7\u00e3o, orientar e disciplinar o exerc\u00edcio da profiss\u00e3o, dirimir d\u00favidas suscitadas nos Conselhos Regionais, julgar, em \u00faltima inst\u00e2ncia, os recursos de penalidades impostas pelo Conselho Regional de Administra\u00e7\u00e3o (CRA), votar e alterar o C\u00f3digo de \u00c9tica Profissional, al\u00e9m de zelar pela sua fiel execu\u00e7\u00e3o, e promover estudos e campanhas em prol da racionaliza\u00e7\u00e3o administrativa do Pa\u00eds.<\/span><\/p><p style=\"box-sizing: border-box; margin: 0px; color: #777777; line-height: 24px; padding: 10px 0px;\"><span style=\"box-sizing: border-box; font-size: large;\">O CFA tamb\u00e9m se reveste de Tribunal Superior de \u00c9tica dos Administradores, para julgar processos \u00e9ticos em 2\u00aa inst\u00e2ncia. Em sua estrutura organizacional possui Plen\u00e1rio, C\u00e2maras, Diretoria, Comiss\u00f5es e Assembleia de Presidentes de CRAs.<\/span><\/p><p style=\"box-sizing: border-box; margin: 0px; color: #777777; line-height: 24px; padding: 10px 0px;\">\u00a0<\/p><\/div><\/section><section style=\"box-sizing: border-box; display: block; margin: 10px 0px 0px; position: relative; clear: both;\"><label style=\"box-sizing: border-box; display: block; max-width: 100%; margin-bottom: 5px; font-weight: 400; transition: all 0.15s ease-out 0s; background: #1e3e76; border-left: 3px solid #1e3e76; border-radius: 5px; color: #ffffff; font-size: 1.3em; min-height: 20px; padding: 12px 20px 12px 10px; position: relative; cursor: pointer; border-right-color: #1e3e76; border-top-color: #1e3e76; border-bottom-color: #1e3e76;\">Para que serve o Conselho Federal e seus Regionais?<\/label><div style=\"box-sizing: border-box; display: block;\"><p style=\"box-sizing: border-box; margin: 0px; color: #777777; line-height: 24px; padding: 10px 0px;\"><span style=\"box-sizing: border-box; font-size: large;\">Os Conselhos de classe s\u00e3o Autarquias Federais criados atrav\u00e9s de lei com o objetivo de fiscalizar o exerc\u00edcio profissional, as entidades prestadoras de servi\u00e7o na \u00e1rea, al\u00e9m de regulamentar todas as atividades pertinentes ao exerc\u00edcio profissional. Desse modo, os Conselhos s\u00e3o institu\u00eddos para garantir \u00e0 sociedade que os servi\u00e7os oferecidos sejam dirigidos por Profissionais habilitados, e, consequentemente, com seguran\u00e7a.<\/span><\/p><p style=\"box-sizing: border-box; margin: 0px; color: #777777; line-height: 24px; padding: 10px 0px;\">\u00a0<\/p><\/div><\/section><section style=\"box-sizing: border-box; display: block; margin: 10px 0px 0px; position: relative; clear: both;\"><label style=\"box-sizing: border-box; display: block; max-width: 100%; margin-bottom: 5px; font-weight: 400; transition: all 0.15s ease-out 0s; background: #1e3e76; border-left: 3px solid #1e3e76; border-radius: 5px; color: #ffffff; font-size: 1.3em; min-height: 20px; padding: 12px 20px 12px 10px; position: relative; cursor: pointer; border-right-color: #1e3e76; border-top-color: #1e3e76; border-bottom-color: #1e3e76;\">Como \u00e9 Constitu\u00eddo o Plen\u00e1rio do CRA?<\/label><div style=\"box-sizing: border-box; display: block;\"><p style=\"box-sizing: border-box; margin: 0px; color: #777777; line-height: 24px; padding: 10px 0px;\"><span style=\"box-sizing: border-box; font-size: large;\">O Plen\u00e1rio do CRA-PA, composto por 9 Conselheiros Regionais Efetivos e seus respectivos Suplentes, eleitos diretamente pelos profissionais de administra\u00e7\u00e3o registrados. A dura\u00e7\u00e3o do mandato de cada Conselheiro \u00e9 de 4 anos, permitida uma reelei\u00e7\u00e3o. A renova\u00e7\u00e3o do Plen\u00e1rio do CRA \u00e9 de 1\/3 e 2\/3, alternadamente, a cada bi\u00eanio.<\/span><\/p><p style=\"box-sizing: border-box; margin: 0px; color: #777777; line-height: 24px; padding: 10px 0px;\">\u00a0<\/p><\/div><\/section><section style=\"box-sizing: border-box; display: block; margin: 10px 0px 0px; position: relative; clear: both;\"><label style=\"box-sizing: border-box; display: block; max-width: 100%; margin-bottom: 5px; font-weight: 400; transition: all 0.15s ease-out 0s; background: #1e3e76; border-left: 3px solid #1e3e76; border-radius: 5px; color: #ffffff; font-size: 1.3em; min-height: 20px; padding: 12px 20px 12px 10px; position: relative; cursor: pointer; border-right-color: #1e3e76; border-top-color: #1e3e76; border-bottom-color: #1e3e76;\">Qual a diferen\u00e7a entre Conselho de Classe, Associa\u00e7\u00e3o e Sindicato?<\/label><div style=\"box-sizing: border-box; display: block;\"><p style=\"box-sizing: border-box; margin: 0px; color: #777777; line-height: 24px; padding: 10px 0px;\"><span style=\"box-sizing: border-box; font-size: large;\">O Conselho de Classe, como o Conselho Regional de Administra\u00e7\u00e3o, \u00e9 uma autarquia que constitui-se no \u00f3rg\u00e3o representativo da classe profissional atuante no Estado e tem por finalidade fiscalizar o exerc\u00edcio da profiss\u00e3o, evitando atrav\u00e9s da fiscaliza\u00e7\u00e3o do exerc\u00edcio profissional que ela seja exercida por profissionais n\u00e3o habilitados, atuando assim em defesa da sociedade.<\/span><\/p><p style=\"box-sizing: border-box; margin: 0px; color: #777777; line-height: 24px; padding: 10px 0px;\"><span style=\"box-sizing: border-box; font-size: large;\">A Associa\u00e7\u00e3o \u00e9 pessoa jur\u00eddica de direito privado, respons\u00e1vel por congregar os profissionais de determinada \u00e1rea, visando atualiza\u00e7\u00e3o e aprimoramento profissional, atrav\u00e9s da promo\u00e7\u00e3o de eventos, cursos, vendas de publica\u00e7\u00f5es da \u00e1rea, cria\u00e7\u00e3o de grupos de trabalho por \u00e1reas, etc. Assim como o Conselho, a Associa\u00e7\u00e3o tamb\u00e9m ajuda a divulgar a profiss\u00e3o, visando abrir vagas no mercado de trabalho, podendo disponibilizar bancos de curr\u00edculos e divulgar vagas.<\/span><\/p><p style=\"box-sizing: border-box; margin: 0px; color: #777777; line-height: 24px; padding: 10px 0px;\"><span style=\"box-sizing: border-box; font-size: large;\">O Sindicato \u00e9 pessoa jur\u00eddica de direito privado, que tem sua a\u00e7\u00e3o voltada para as quest\u00f5es referentes \u00e0s rela\u00e7\u00f5es de trabalho, tais como sal\u00e1rio, horas extras, insalubridade, acordos e diss\u00eddios coletivos, etc. Tamb\u00e9m \u00e9 uma entidade constitu\u00edda para fins de prote\u00e7\u00e3o, estudo e defesa de interesses comuns dos profissionais.<\/span><\/p><p style=\"box-sizing: border-box; margin: 0px; color: #777777; line-height: 24px; padding: 10px 0px;\">\u00a0<\/p><\/div><\/section><section style=\"box-sizing: border-box; display: block; margin: 10px 0px 0px; position: relative; clear: both;\"><label style=\"box-sizing: border-box; display: block; max-width: 100%; margin-bottom: 5px; font-weight: 400; transition: all 0.15s ease-out 0s; background: #1e3e76; border-left: 3px solid #1e3e76; border-radius: 5px; color: #ffffff; font-size: 1.3em; min-height: 20px; padding: 12px 20px 12px 10px; position: relative; cursor: pointer; border-right-color: #1e3e76; border-top-color: #1e3e76; border-bottom-color: #1e3e76;\">Existe um C\u00f3digo de \u00c9tica do Administrador?<\/label><div style=\"box-sizing: border-box; display: block;\"><p style=\"box-sizing: border-box; margin: 0px; color: #777777; line-height: 24px; padding: 10px 0px;\"><span style=\"box-sizing: border-box; font-size: large;\">Sim. O C\u00f3digo de \u00c9tica dos Profissionais de Administra\u00e7\u00e3o (CEPA) est\u00e1 dispon\u00edvel na p\u00e1gina www.crapa.org.br. O c\u00f3digo de \u00e9tica foi aprovado pela RN CFA 393\/2010.<\/span><\/p><p style=\"box-sizing: border-box; margin: 0px; color: #777777; line-height: 24px; padding: 10px 0px;\">\u00a0<\/p><\/div><\/section><section style=\"box-sizing: border-box; display: block; margin: 10px 0px 0px; position: relative; clear: both;\"><label style=\"box-sizing: border-box; display: block; max-width: 100%; margin-bottom: 5px; font-weight: 400; transition: all 0.15s ease-out 0s; background: #1e3e76; border-left: 3px solid #1e3e76; border-radius: 5px; color: #ffffff; font-size: 1.3em; min-height: 20px; padding: 12px 20px 12px 10px; position: relative; cursor: pointer; border-right-color: #1e3e76; border-top-color: #1e3e76; border-bottom-color: #1e3e76;\">Quando surgiu a Profiss\u00e3o de Administrador?<\/label><div style=\"box-sizing: border-box; display: block;\"><p style=\"box-sizing: border-box; margin: 0px; color: #777777; line-height: 24px; padding: 10px 0px;\"><span style=\"box-sizing: border-box; font-size: large;\">A profiss\u00e3o regulamentada de administrador surgiu com a promulga\u00e7\u00e3o da Lei n\u00ba. 4.769, de 9 de setembro de 1965, posteriormente regulamentada pelo Decreto n\u00ba. 61.934, de 27 de dezembro de 1967.<\/span><\/p><p style=\"box-sizing: border-box; margin: 0px; color: #777777; line-height: 24px; padding: 10px 0px;\">\u00a0<\/p><\/div><\/section><section style=\"box-sizing: border-box; display: block; margin: 10px 0px 0px; position: relative; clear: both;\"><label style=\"box-sizing: border-box; display: block; max-width: 100%; margin-bottom: 5px; font-weight: 400; transition: all 0.15s ease-out 0s; background: #1e3e76; border-left: 3px solid #1e3e76; border-radius: 5px; color: #ffffff; font-size: 1.3em; min-height: 20px; padding: 12px 20px 12px 10px; position: relative; cursor: pointer; border-right-color: #1e3e76; border-top-color: #1e3e76; border-bottom-color: #1e3e76;\">Quando \u00e9 o Dia do Administrador? E por que foi escolhida essa data?<\/label><div style=\"box-sizing: border-box; display: block;\"><p style=\"box-sizing: border-box; margin: 0px; color: #777777; line-height: 24px; padding: 10px 0px;\"><span style=\"box-sizing: border-box; font-size: large;\">O Dia do Administrador \u00e9 comemorado em 9 de setembro, pois \u00e9 a data em que a Lei n\u00ba. 4.769\/65, que regulamenta a profiss\u00e3o, foi promulgada.<\/span><\/p><p style=\"box-sizing: border-box; margin: 0px; color: #777777; line-height: 24px; padding: 10px 0px;\">\u00a0<\/p><\/div><\/section><section style=\"box-sizing: border-box; display: block; margin: 10px 0px 0px; position: relative; clear: both;\"><label style=\"box-sizing: border-box; display: block; max-width: 100%; margin-bottom: 5px; font-weight: 400; transition: all 0.15s ease-out 0s; background: #1e3e76; border-left: 3px solid #1e3e76; border-radius: 5px; color: #ffffff; font-size: 1.3em; min-height: 20px; padding: 12px 20px 12px 10px; position: relative; cursor: pointer; border-right-color: #1e3e76; border-top-color: #1e3e76; border-bottom-color: #1e3e76;\">Ouvidoria do CRA-PA, como acessar?<\/label><div style=\"box-sizing: border-box; display: block;\"><p style=\"box-sizing: border-box; margin: 0px; color: #777777; line-height: 24px; padding: 10px 0px;\"><span style=\"box-sizing: border-box; font-size: large;\">A Ouvidoria \u00e9 um dos canais de comunica\u00e7\u00e3o que o CRA-PA oferece aos registrados e \u00e0 sociedade. Acesse a p\u00e1gina principal do site, para atendimento, ou para Informa\u00e7\u00e3o, Solicita\u00e7\u00e3o, Sugest\u00e3o, Reclama\u00e7\u00e3o e Den\u00fancia.<\/span><\/p><p style=\"box-sizing: border-box; margin: 0px; color: #777777; line-height: 24px; padding: 10px 0px;\">\u00a0<\/p><\/div><\/section><section style=\"box-sizing: border-box; display: block; margin: 10px 0px 0px; position: relative; clear: both;\"><label style=\"box-sizing: border-box; display: block; max-width: 100%; margin-bottom: 5px; font-weight: 400; transition: all 0.15s ease-out 0s; background: #1e3e76; border-left: 3px solid #1e3e76; border-radius: 5px; color: #ffffff; font-size: 1.3em; min-height: 20px; padding: 12px 20px 12px 10px; position: relative; cursor: pointer; border-right-color: #1e3e76; border-top-color: #1e3e76; border-bottom-color: #1e3e76;\">O CRA-PA possui o Portal Transpar\u00eancia?<\/label><div style=\"box-sizing: border-box; display: block;\"><p style=\"box-sizing: border-box; margin: 0px; color: #777777; line-height: 24px; padding: 10px 0px;\"><span style=\"box-sizing: border-box; font-size: large;\">Sim. O Portal da Transpar\u00eancia do CRA-PA tem a inten\u00e7\u00e3o de permitir ao cidad\u00e3o o acesso transparente a informa\u00e7\u00f5es diversas sobre a autarquia federal. Acesse a p\u00e1gina principal do site.<\/span><\/p><p style=\"box-sizing: border-box; margin: 0px; color: #777777; line-height: 24px; padding: 10px 0px;\"><span style=\"box-sizing: border-box; font-size: large;\">A ferramenta atende \u00e0 Lei n\u00ba 12.527\/2011, denominada Lei de Acesso \u00e0 Informa\u00e7\u00e3o, que normatiza os artigos 5\u00ba e 37\u00ba da Constitui\u00e7\u00e3o Federal ao estabelecer que todas as informa\u00e7\u00f5es dispon\u00edveis em qualquer entidade p\u00fablica sejam disponibilizadas na internet, com exce\u00e7\u00e3o apenas de documentos oficialmente declarados como sigilosos.<\/span><\/p><p style=\"box-sizing: border-box; margin: 0px; color: #777777; line-height: 24px; padding: 10px 0px;\">\u00a0<\/p><\/div><\/section><section style=\"box-sizing: border-box; display: block; margin: 10px 0px 0px; position: relative; clear: both;\"><label style=\"box-sizing: border-box; display: block; max-width: 100%; margin-bottom: 5px; font-weight: 400; transition: all 0.15s ease-out 0s; background: #1e3e76; border-left: 3px solid #1e3e76; border-radius: 5px; color: #ffffff; font-size: 1.3em; min-height: 20px; padding: 12px 20px 12px 10px; position: relative; cursor: pointer; border-right-color: #1e3e76; border-top-color: #1e3e76; border-bottom-color: #1e3e76;\">H\u00e1 transpar\u00eancia na aplica\u00e7\u00e3o dos valores arrecadados?<\/label><div style=\"box-sizing: border-box; display: block;\"><p style=\"box-sizing: border-box; margin: 0px; color: #777777; line-height: 24px; padding: 10px 0px;\"><span style=\"box-sizing: border-box; font-size: large;\">Por se tratar de uma autarquia, o CRA-PA \u00e9 auditado pelo Tribunal de Contas da Uni\u00e3o (TCU), e todas as presta\u00e7\u00f5es de contas, balancetes, planejamentos, or\u00e7amentos, sal\u00e1rios dos funcion\u00e1rios e demais documentos, que n\u00e3o envolvam a particularidade e a individualidade de cada profissional no Conselho, est\u00e3o dispon\u00edveis para consulta dos profissionais que assim desejarem, bem como de qualquer cidad\u00e3o, atrav\u00e9s do site do Conselho na internet, no Portal da Transpar\u00eancia do Conselho.<\/span><\/p><p style=\"box-sizing: border-box; margin: 0px; color: #777777; line-height: 24px; padding: 10px 0px;\">\u00a0<\/p><\/div><\/section><\/div><\/div><\/div><\/div><\/div>\n\t\t\t\t\t\t\t\t\t<div class=\"elementor-tab-title elementor-tab-mobile-title\" aria-selected=\"false\" data-tab=\"2\" role=\"tab\" tabindex=\"-1\" aria-controls=\"elementor-tab-content-5232\" aria-expanded=\"false\">FISCALIZA\u00c7\u00c3O<\/div>\n\t\t\t\t\t<div id=\"elementor-tab-content-5232\" class=\"elementor-tab-content elementor-clearfix\" data-tab=\"2\" role=\"tabpanel\" aria-labelledby=\"elementor-tab-title-5232\" tabindex=\"0\" hidden=\"hidden\"><div class=\"col-md-12\" style=\"position: relative; min-height: 1px; padding-right: 15px; padding-left: 15px; float: left; width: 870px;\">\n<h1 class=\"short word-rotator-title\" style=\"margin-bottom: 15px; font-size: 2.6em; font-weight: 200; line-height: 44px; color: #0e0e0e; letter-spacing: -1px;\">Sobre Fiscaliza\u00e7\u00e3o<\/h1>\n<\/div>\n<div class=\"col-md-12\" style=\"position: relative; min-height: 1px; padding-right: 15px; padding-left: 15px; float: left; width: 870px;\">\n<div class=\"toggle\" style=\"margin-top: 10px; position: relative; clear: both;\" data-plugin-toggle=\"\"><section class=\"toggle active\" style=\"margin-top: 10px; position: relative; clear: both;\"><label style=\"display: block; max-width: 100%; margin-bottom: 5px; font-weight: 400; transition: all 0.15s ease-out 0s; background: #1e3e76; border-left: 3px solid #1e3e76; border-radius: 5px; color: #ffffff; font-size: 1.3em; min-height: 20px; padding: 12px 20px 12px 10px; position: relative; cursor: pointer; border-right-color: #1e3e76; border-top-color: #1e3e76; border-bottom-color: #1e3e76;\">Como se d\u00e1 o Processo de Fiscaliza\u00e7\u00e3o?<\/label>\n<div class=\"toggle-content\">\n<p style=\"margin-bottom: 0px; color: #777777; line-height: 24px; padding-top: 10px; padding-bottom: 10px;\"><\/p>\n<p style=\"margin-bottom: 0px; color: #777777; line-height: 24px; padding-top: 10px; padding-bottom: 10px;\"><span style=\"font-size: large;\">O processo de fiscaliza\u00e7\u00e3o tem origem diversa e pode ter como fator gerador de sua abertura uma den\u00fancia, pesquisas atrav\u00e9s de sites de busca na internet, a leitura dos di\u00e1rios oficiais (Uni\u00e3o, Estado e Munic\u00edpio) e de jornais de circula\u00e7\u00e3o no estado. Al\u00e9m disso, temos conv\u00eanio com a Junta Comercial do Par\u00e1 (JUCEPA) e, inspe\u00e7\u00f5es realizadas in loco, por amostragem.<\/span><\/p>\n<p style=\"margin-bottom: 0px; color: #777777; line-height: 24px; padding-top: 10px; padding-bottom: 10px;\"><span style=\"font-size: large;\">Quando verificada a exist\u00eancia de viola\u00e7\u00e3o dos dispositivos da legisla\u00e7\u00e3o pertinente \u00e0 profiss\u00e3o de Administrador, o processo \u00e9 instaurado para a devida apura\u00e7\u00e3o.<\/span><\/p>\n<p style=\"margin-bottom: 0px; color: #777777; line-height: 24px; padding-top: 10px; padding-bottom: 10px;\"><\/p>\n<p style=\"margin-bottom: 0px; color: #777777; line-height: 24px; padding-top: 10px; padding-bottom: 10px;\"><\/p>\n\n<\/div>\n<\/section><section class=\"toggle active\" style=\"margin-top: 10px; position: relative; clear: both;\"><label style=\"display: block; max-width: 100%; margin-bottom: 5px; font-weight: 400; transition: all 0.15s ease-out 0s; background: #1e3e76; border-left: 3px solid #1e3e76; border-radius: 5px; color: #ffffff; font-size: 1.3em; min-height: 20px; padding: 12px 20px 12px 10px; position: relative; cursor: pointer; border-right-color: #1e3e76; border-top-color: #1e3e76; border-bottom-color: #1e3e76;\">Quais as atividades Fins e Meio?<\/label>\n<div class=\"toggle-content\">\n<p style=\"margin-bottom: 0px; color: #777777; line-height: 24px; padding-top: 10px; padding-bottom: 10px;\"><\/p>\n<p style=\"margin-bottom: 0px; color: #777777; line-height: 24px; padding-top: 10px; padding-bottom: 10px;\"><span style=\"font-size: large;\">Atividades fins s\u00e3o os servi\u00e7os oferecidos pela empresa, ou seja, o que est\u00e1 definido em seu objeto social, constante no contrato social, com atividades que a empresa se prop\u00f5e a realizar para o mercado. Nesse caso, fazemos um confronto com o Art. 2\u00b0 da Lei 4.769\/65 com o objeto social da empresa e havendo uma atividade realizada, ou mais, que se enquadre no disposto do artigo citado, a empresa ter\u00e1 a obriga\u00e7\u00e3o legal de efetuar o registro de pessoa jur\u00eddica no CRA-PA e de contratar um Administrador Respons\u00e1vel T\u00e9cnico.<\/span><\/p>\n<p style=\"margin-bottom: 0px; color: #777777; line-height: 24px; padding-top: 10px; padding-bottom: 10px;\"><span style=\"font-size: large;\">J\u00e1 atividade meio \u00e9 aquela atividade que a empresa realiza e que n\u00e3o est\u00e1 vinculada aos servi\u00e7os oferecidos, em seu objeto social. Nesse tipo de fiscaliza\u00e7\u00e3o temos a possibilidade de encontrar irregularidades em setores, privativos da Administra\u00e7\u00e3o, e que toda empresa precisa para sobreviver de forma adequada. Por exemplo, os setores de RH, financeiro, marketing, log\u00edstica e outros de uma determinada empresa s\u00e3o fiscalizados atrav\u00e9s de uma vistoria orientados a sua atividade meio, sem necessariamente precisar analisar o contrato.<\/span><\/p>\n<p style=\"margin-bottom: 0px; color: #777777; line-height: 24px; padding-top: 10px; padding-bottom: 10px;\"><\/p>\n<p style=\"margin-bottom: 0px; color: #777777; line-height: 24px; padding-top: 10px; padding-bottom: 10px;\"><\/p>\n\n<\/div>\n<\/section><section class=\"toggle active\" style=\"margin-top: 10px; position: relative; clear: both;\"><label style=\"display: block; max-width: 100%; margin-bottom: 5px; font-weight: 400; transition: all 0.15s ease-out 0s; background: #1e3e76; border-left: 3px solid #1e3e76; border-radius: 5px; color: #ffffff; font-size: 1.3em; min-height: 20px; padding: 12px 20px 12px 10px; position: relative; cursor: pointer; border-right-color: #1e3e76; border-top-color: #1e3e76; border-bottom-color: #1e3e76;\">Como se d\u00e1 a Puni\u00e7\u00e3o aos Ilegais, tanto Pessoas F\u00edsicas quanto Jur\u00eddicas?<\/label>\n<div class=\"toggle-content\">\n<p style=\"margin-bottom: 0px; color: #777777; line-height: 24px; padding-top: 10px; padding-bottom: 10px;\"><\/p>\n<p style=\"margin-bottom: 0px; color: #777777; line-height: 24px; padding-top: 10px; padding-bottom: 10px;\"><span style=\"font-size: large;\">A puni\u00e7\u00e3o surge com a detec\u00e7\u00e3o da irregularidade e a imediata autua\u00e7\u00e3o. O Autuado tem o direito de recorrer administrativamente dentro do prazo estabelecido, a defesa administrativa ser\u00e1 analisada em plen\u00e1ria, primeiramente por um conselheiro relator, ent\u00e3o ter\u00e1 sua resposta, em of\u00edcio, imediatamente depois. Caso o pleito seja indeferido pela plen\u00e1ria do Conselho, o autuado poder\u00e1 recorrer, em segunda inst\u00e2ncia, ao Conselho Federal de Administra\u00e7\u00e3o (CFA). No CFA o processo seguir\u00e1 a ordem de an\u00e1lise feita por um conselheiro federal relator e posterior an\u00e1lise da plen\u00e1ria.<\/span><\/p>\n<p style=\"margin-bottom: 0px; color: #777777; line-height: 24px; padding-top: 10px; padding-bottom: 10px;\"><span style=\"font-size: large;\">Existe tamb\u00e9m o processo \u00e9tico, o qual a fiscaliza\u00e7\u00e3o funciona com aux\u00edlio ao tribunal de \u00e9tica do Regional, regulado por Resolu\u00e7\u00e3o Normativa, esse tamb\u00e9m pode punir os profissionais, em caso de desobedi\u00eancia ao dispositivo legal, com penas de advert\u00eancia, multas at\u00e9 o cancelamento do registro e divulga\u00e7\u00e3o do fato para conhecimento p\u00fablico.<\/span><\/p>\n<p style=\"margin-bottom: 0px; color: #777777; line-height: 24px; padding-top: 10px; padding-bottom: 10px;\"><\/p>\n\n<\/div>\n<\/section><section class=\"toggle active\" style=\"margin-top: 10px; position: relative; clear: both;\"><label style=\"display: block; max-width: 100%; margin-bottom: 5px; font-weight: 400; transition: all 0.15s ease-out 0s; background: #1e3e76; border-left: 3px solid #1e3e76; border-radius: 5px; color: #ffffff; font-size: 1.3em; min-height: 20px; padding: 12px 20px 12px 10px; position: relative; cursor: pointer; border-right-color: #1e3e76; border-top-color: #1e3e76; border-bottom-color: #1e3e76;\">Por que minha Empresa est\u00e1 sendo fiscalizada?<\/label>\n<div class=\"toggle-content\">\n<p style=\"margin-bottom: 0px; color: #777777; line-height: 24px; padding-top: 10px; padding-bottom: 10px;\"><\/p>\n<p style=\"margin-bottom: 0px; color: #777777; line-height: 24px; padding-top: 10px; padding-bottom: 10px;\"><span style=\"font-size: large;\">A fiscaliza\u00e7\u00e3o \u00e9 um procedimento rotineiro dos Conselhos Regionais de Administra\u00e7\u00e3o &#8211; CRAs, em atendimento a Lei 4769\/65. O principal foco do CRA-PA \u00e9 resguardar nossa sociedade de empresas e profissionais inabilitados, que prestam servi\u00e7os na \u00e1rea profissional da Administra\u00e7\u00e3o, porquanto quer colocar profissionais devidamente capacitados para exercerem a profiss\u00e3o.<\/span><\/p>\n<p style=\"margin-bottom: 0px; color: #777777; line-height: 24px; padding-top: 10px; padding-bottom: 10px;\"><\/p>\n\n<\/div>\n<\/section><section class=\"toggle active\" style=\"margin-top: 10px; position: relative; clear: both;\"><label style=\"display: block; max-width: 100%; margin-bottom: 5px; font-weight: 400; transition: all 0.15s ease-out 0s; background: #1e3e76; border-left: 3px solid #1e3e76; border-radius: 5px; color: #ffffff; font-size: 1.3em; min-height: 20px; padding: 12px 20px 12px 10px; position: relative; cursor: pointer; border-right-color: #1e3e76; border-top-color: #1e3e76; border-bottom-color: #1e3e76;\">Como chegar\u00e3o at\u00e9 minha Empresa?<\/label>\n<div class=\"toggle-content\">\n<p style=\"margin-bottom: 0px; color: #777777; line-height: 24px; padding-top: 10px; padding-bottom: 10px;\"><\/p>\n<p style=\"margin-bottom: 0px; color: #777777; line-height: 24px; padding-top: 10px; padding-bottom: 10px;\"><span style=\"font-size: large;\">O CRA-PA, al\u00e9m das dilig\u00eancias empreendidas pelo seu Setor de Fiscaliza\u00e7\u00e3o, utiliza diversas fontes de pesquisa, dentre elas est\u00e3o \u00f3rg\u00e3os federais, estaduais e municipais, bem como, den\u00fancias, jornais, internet, Junta Comercial, material publicit\u00e1rio, di\u00e1rios oficias etc.<\/span><\/p>\n<p style=\"margin-bottom: 0px; color: #777777; line-height: 24px; padding-top: 10px; padding-bottom: 10px;\"><\/p>\n\n<\/div>\n<\/section><section class=\"toggle active\" style=\"margin-top: 10px; position: relative; clear: both;\"><label style=\"display: block; max-width: 100%; margin-bottom: 5px; font-weight: 400; transition: all 0.15s ease-out 0s; background: #1e3e76; border-left: 3px solid #1e3e76; border-radius: 5px; color: #ffffff; font-size: 1.3em; min-height: 20px; padding: 12px 20px 12px 10px; position: relative; cursor: pointer; border-right-color: #1e3e76; border-top-color: #1e3e76; border-bottom-color: #1e3e76;\">Como \u00e9 aberto um processo de fiscaliza\u00e7\u00e3o?<\/label>\n<div class=\"toggle-content\">\n<p style=\"margin-bottom: 0px; color: #777777; line-height: 24px; padding-top: 10px; padding-bottom: 10px;\"><\/p>\n<p style=\"margin-bottom: 0px; color: #777777; line-height: 24px; padding-top: 10px; padding-bottom: 10px;\"><span style=\"font-size: large;\">O processo \u00e9 aberto sempre que houver negativa de presta\u00e7\u00e3o de informa\u00e7\u00f5es solicitadas por nossos Fiscais, ind\u00edcios de explora\u00e7\u00e3o da ci\u00eancia da Administra\u00e7\u00e3o e\/ou exerc\u00edcio indevido de cargos privativos do profissional Administrador.<\/span><\/p>\n<p style=\"margin-bottom: 0px; color: #777777; line-height: 24px; padding-top: 10px; padding-bottom: 10px;\"><\/p>\n\n<\/div>\n<\/section><section class=\"toggle active\" style=\"margin-top: 10px; position: relative; clear: both;\"><label style=\"display: block; max-width: 100%; margin-bottom: 5px; font-weight: 400; transition: all 0.15s ease-out 0s; background: #1e3e76; border-left: 3px solid #1e3e76; border-radius: 5px; color: #ffffff; font-size: 1.3em; min-height: 20px; padding: 12px 20px 12px 10px; position: relative; cursor: pointer; border-right-color: #1e3e76; border-top-color: #1e3e76; border-bottom-color: #1e3e76;\">Se eu n\u00e3o enviar os documentos?<\/label>\n<div class=\"toggle-content\">\n<p style=\"margin-bottom: 0px; color: #777777; line-height: 24px; padding-top: 10px; padding-bottom: 10px;\"><\/p>\n<p style=\"margin-bottom: 0px; color: #777777; line-height: 24px; padding-top: 10px; padding-bottom: 10px;\"><span style=\"font-size: large;\">As empresas que n\u00e3o enviarem os documentos ser\u00e3o autuadas por sonega\u00e7\u00e3o de informa\u00e7\u00f5es\/documentos, podendo a multa aplicada ser cobrada judicialmente, mediante processo de execu\u00e7\u00e3o fiscal.<\/span><\/p>\n<p style=\"margin-bottom: 0px; color: #777777; line-height: 24px; padding-top: 10px; padding-bottom: 10px;\"><\/p>\n\n<\/div>\n<\/section><section class=\"toggle active\" style=\"margin-top: 10px; position: relative; clear: both;\"><label style=\"display: block; max-width: 100%; margin-bottom: 5px; font-weight: 400; transition: all 0.15s ease-out 0s; background: #1e3e76; border-left: 3px solid #1e3e76; border-radius: 5px; color: #ffffff; font-size: 1.3em; min-height: 20px; padding: 12px 20px 12px 10px; position: relative; cursor: pointer; border-right-color: #1e3e76; border-top-color: #1e3e76; border-bottom-color: #1e3e76;\">O CRA tem poder de pol\u00edcia?<\/label>\n<div class=\"toggle-content\">\n<p style=\"margin-bottom: 0px; color: #777777; line-height: 24px; padding-top: 10px; padding-bottom: 10px;\"><\/p>\n<p style=\"margin-bottom: 0px; color: #777777; line-height: 24px; padding-top: 10px; padding-bottom: 10px;\"><span style=\"font-size: large;\">O CRA-PA, na qualidade de Autarquia Federal no desempenho de atividade de Estado, possui, por for\u00e7a da Lei n\u00ba 4769\/65, poder de pol\u00edcia administrativa. Assim, como \u00f3rg\u00e3o de fiscaliza\u00e7\u00e3o, tem o direito de solicitar documentos, realizar visitas\/dilig\u00eancias e aplicar san\u00e7\u00f5es a pessoas jur\u00eddicas e f\u00edsicas, com base na legisla\u00e7\u00e3o vigente.<\/span><\/p>\n<p style=\"margin-bottom: 0px; color: #777777; line-height: 24px; padding-top: 10px; padding-bottom: 10px;\"><\/p>\n\n<\/div>\n<\/section><section class=\"toggle active\" style=\"margin-top: 10px; position: relative; clear: both;\"><label style=\"display: block; max-width: 100%; margin-bottom: 5px; font-weight: 400; transition: all 0.15s ease-out 0s; background: #1e3e76; border-left: 3px solid #1e3e76; border-radius: 5px; color: #ffffff; font-size: 1.3em; min-height: 20px; padding: 12px 20px 12px 10px; position: relative; cursor: pointer; border-right-color: #1e3e76; border-top-color: #1e3e76; border-bottom-color: #1e3e76;\">Como os documentos ser\u00e3o utilizados? Estar\u00e3o em sigilo?<\/label>\n<div class=\"toggle-content\">\n<p style=\"margin-bottom: 0px; color: #777777; line-height: 24px; padding-top: 10px; padding-bottom: 10px;\"><\/p>\n<p style=\"margin-bottom: 0px; color: #777777; line-height: 24px; padding-top: 10px; padding-bottom: 10px;\"><span style=\"font-size: large;\">Os documentos encaminhados pelo profissional\/empresa ser\u00e3o utilizados exclusivamente pelo CRA-PA ou pelo CFA, fazendo parte do seu processo administrativo de fiscaliza\u00e7\u00e3o ou registro.<\/span><\/p>\n<p style=\"margin-bottom: 0px; color: #777777; line-height: 24px; padding-top: 10px; padding-bottom: 10px;\"><\/p>\n\n<\/div>\n<\/section><section class=\"toggle active\" style=\"margin-top: 10px; position: relative; clear: both;\"><label style=\"display: block; max-width: 100%; margin-bottom: 5px; font-weight: 400; transition: all 0.15s ease-out 0s; background: #1e3e76; border-left: 3px solid #1e3e76; border-radius: 5px; color: #ffffff; font-size: 1.3em; min-height: 20px; padding: 12px 20px 12px 10px; position: relative; cursor: pointer; border-right-color: #1e3e76; border-top-color: #1e3e76; border-bottom-color: #1e3e76;\">Como posso enviar os documentos?<\/label>\n<div class=\"toggle-content\">\n<p style=\"margin-bottom: 0px; color: #777777; line-height: 24px; padding-top: 10px; padding-bottom: 10px;\"><\/p>\n<p style=\"margin-bottom: 0px; color: #777777; line-height: 24px; padding-top: 10px; padding-bottom: 10px;\"><span style=\"font-size: large;\">A documenta\u00e7\u00e3o solicitada pode ser encaminhada diretamente para nossa sede. Em caso de registro as instru\u00e7\u00f5es de como proceder e quais documentos necess\u00e1rios est\u00e3o no site, na aba atendimento registro, se\u00e7\u00e3o Registro Pessoa F\u00edsica ou Pessoa Jur\u00eddica.<\/span><\/p>\n<p style=\"margin-bottom: 0px; color: #777777; line-height: 24px; padding-top: 10px; padding-bottom: 10px;\"><\/p>\n\n<\/div>\n<\/section><section class=\"toggle active\" style=\"margin-top: 10px; position: relative; clear: both;\"><label style=\"display: block; max-width: 100%; margin-bottom: 5px; font-weight: 400; transition: all 0.15s ease-out 0s; background: #1e3e76; border-left: 3px solid #1e3e76; border-radius: 5px; color: #ffffff; font-size: 1.3em; min-height: 20px; padding: 12px 20px 12px 10px; position: relative; cursor: pointer; border-right-color: #1e3e76; border-top-color: #1e3e76; border-bottom-color: #1e3e76;\">Como saber se minha empresa se obriga ao registro?<\/label>\n<div class=\"toggle-content\">\n<p style=\"margin-bottom: 0px; color: #777777; line-height: 24px; padding-top: 10px; padding-bottom: 10px;\"><\/p>\n<p style=\"margin-bottom: 0px; color: #777777; line-height: 24px; padding-top: 10px; padding-bottom: 10px;\"><span style=\"font-size: large;\">Toda empresa que explora atividades inerentes ao campo profissional da Administra\u00e7\u00e3o est\u00e1 obrigada ao registro cadastral no CRA. Tais \u00e1reas de atua\u00e7\u00e3o est\u00e3o dispon\u00edveis em nosso web-site, na aba Fiscaliza\u00e7\u00e3o campo relativo a empresas que devem possuir registro.<\/span><\/p>\n<p style=\"margin-bottom: 0px; color: #777777; line-height: 24px; padding-top: 10px; padding-bottom: 10px;\"><\/p>\n\n<\/div>\n<\/section><section class=\"toggle active\" style=\"margin-top: 10px; position: relative; clear: both;\"><label style=\"display: block; max-width: 100%; margin-bottom: 5px; font-weight: 400; transition: all 0.15s ease-out 0s; background: #1e3e76; border-left: 3px solid #1e3e76; border-radius: 5px; color: #ffffff; font-size: 1.3em; min-height: 20px; padding: 12px 20px 12px 10px; position: relative; cursor: pointer; border-right-color: #1e3e76; border-top-color: #1e3e76; border-bottom-color: #1e3e76;\">Sou dono da empresa, posso ser respons\u00e1vel t\u00e9cnico? Os s\u00f3cios precisam ser administradores?<\/label>\n<div class=\"toggle-content\">\n<p style=\"margin-bottom: 0px; color: #777777; line-height: 24px; padding-top: 10px; padding-bottom: 10px;\"><\/p>\n<p style=\"margin-bottom: 0px; color: #777777; line-height: 24px; padding-top: 10px; padding-bottom: 10px;\"><span style=\"font-size: large;\">Sim, desde que seja profissional devidamente registrado junto ao CRA. Somente o profissional indicado em contrato social como Administrador de uma sociedade, quando alheio ao seu quadro societ\u00e1rio, dever\u00e1 ser, de acordo com a legisla\u00e7\u00e3o vigente necessariamente um Administrador, profissional formado em curso superior de bacharelado em administra\u00e7\u00e3o com o respectivo registro no CRA da jurisdi\u00e7\u00e3o onde atua.<\/span><\/p>\n<p style=\"margin-bottom: 0px; color: #777777; line-height: 24px; padding-top: 10px; padding-bottom: 10px;\"><\/p>\n\n<\/div>\n<\/section><section class=\"toggle active\" style=\"margin-top: 10px; position: relative; clear: both;\"><label style=\"display: block; max-width: 100%; margin-bottom: 5px; font-weight: 400; transition: all 0.15s ease-out 0s; background: #1e3e76; border-left: 3px solid #1e3e76; border-radius: 5px; color: #ffffff; font-size: 1.3em; min-height: 20px; padding: 12px 20px 12px 10px; position: relative; cursor: pointer; border-right-color: #1e3e76; border-top-color: #1e3e76; border-bottom-color: #1e3e76;\">Minha empresa n\u00e3o tem funcion\u00e1rios, por que a exig\u00eancia de um Administrador Respons\u00e1vel T\u00e9cnico?<\/label>\n<div class=\"toggle-content\">\n<p style=\"margin-bottom: 0px; color: #777777; line-height: 24px; padding-top: 10px; padding-bottom: 10px;\"><\/p>\n<p style=\"margin-bottom: 0px; color: #777777; line-height: 24px; padding-top: 10px; padding-bottom: 10px;\"><span style=\"font-size: large;\">A necessidade de um Administrador como respons\u00e1vel t\u00e9cnico se d\u00e1 pelos servi\u00e7os prestados pela empresa e n\u00e3o pela quantidade de funcion\u00e1rios, o respons\u00e1vel t\u00e9cnico pode ser um dos s\u00f3cios, funcion\u00e1rio ou prestador de servi\u00e7o. Por outro lado, as empresas que n\u00e3o desenvolvem atividades que se encontram capituladas dentro do campo profissional do Administrador n\u00e3o h\u00e1 a exig\u00eancia de registro junto aos CRAs e, consequentemente, a apresenta\u00e7\u00e3o de um Administrador Respons\u00e1vel T\u00e9cnico. Entretanto as empresas devem manter, em sua estrutura, profissionais devidamente habilitados para o desempenho das diversas profiss\u00f5es regulamentadas.<\/span><\/p>\n<p style=\"margin-bottom: 0px; color: #777777; line-height: 24px; padding-top: 10px; padding-bottom: 10px;\"><\/p>\n\n<\/div>\n<\/section><section class=\"toggle active\" style=\"margin-top: 10px; position: relative; clear: both;\"><label style=\"display: block; max-width: 100%; margin-bottom: 5px; font-weight: 400; transition: all 0.15s ease-out 0s; background: #1e3e76; border-left: 3px solid #1e3e76; border-radius: 5px; color: #ffffff; font-size: 1.3em; min-height: 20px; padding: 12px 20px 12px 10px; position: relative; cursor: pointer; border-right-color: #1e3e76; border-top-color: #1e3e76; border-bottom-color: #1e3e76;\">Onde encontro a legisla\u00e7\u00e3o aplicada ao CRA e \u00e0 profiss\u00e3o?<\/label>\n<div class=\"toggle-content\">\n<p style=\"margin-bottom: 0px; color: #777777; line-height: 24px; padding-top: 10px; padding-bottom: 10px;\"><\/p>\n<p style=\"margin-bottom: 0px; color: #777777; line-height: 24px; padding-top: 10px; padding-bottom: 10px;\"><span style=\"font-size: large;\">As atividades dos Conselho Regionais de Administra\u00e7\u00e3o s\u00e3o regidas pela Lei n\u00ba 4.769, de 9 de setembro de 1965, e regulamentadas pelo Decreto n\u00ba. 61.934, de 22 de dezembro de 1967, bem como por instru\u00e7\u00f5es e resolu\u00e7\u00f5es baixadas pelo Conselho Federal de Administra\u00e7\u00e3o (CFA). A legisla\u00e7\u00e3o aplicada est\u00e1 disponibilizada em nosso website.<\/span><\/p>\n<p style=\"margin-bottom: 0px; color: #777777; line-height: 24px; padding-top: 10px; padding-bottom: 10px;\"><\/p>\n\n<\/div>\n<\/section><section class=\"toggle active\" style=\"margin-top: 10px; position: relative; clear: both;\"><label style=\"display: block; max-width: 100%; margin-bottom: 5px; font-weight: 400; transition: all 0.15s ease-out 0s; background: #1e3e76; border-left: 3px solid #1e3e76; border-radius: 5px; color: #ffffff; font-size: 1.3em; min-height: 20px; padding: 12px 20px 12px 10px; position: relative; cursor: pointer; border-right-color: #1e3e76; border-top-color: #1e3e76; border-bottom-color: #1e3e76;\">Como \u00e9 feita a fiscaliza\u00e7\u00e3o de Concursos, seletivos e outros processos de escolha ison\u00f4mica para Administrador?<\/label>\n<div class=\"toggle-content\">\n<p style=\"margin-bottom: 0px; color: #777777; line-height: 24px; padding-top: 10px; padding-bottom: 10px;\"><\/p>\n<p style=\"margin-bottom: 0px; color: #777777; line-height: 24px; padding-top: 10px; padding-bottom: 10px;\"><span style=\"font-size: large;\">Os Editais de seletivos, concursos p\u00fablicos e outros com ofertas de vagas para nosso estado s\u00e3o analisados pelo Fiscal sempre que evidenciado alguma irregularidade, \u00e9 encaminhado uma impugna\u00e7\u00e3o ao \u00f3rg\u00e3o expedidor do concurso para corrigir a irregularidade.<\/span><\/p>\n<p style=\"margin-bottom: 0px; color: #777777; line-height: 24px; padding-top: 10px; padding-bottom: 10px;\"><\/p>\n\n<\/div>\n<\/section><section class=\"toggle active\" style=\"margin-top: 10px; position: relative; clear: both;\"><label style=\"display: block; max-width: 100%; margin-bottom: 5px; font-weight: 400; transition: all 0.15s ease-out 0s; background: #1e3e76; border-left: 3px solid #1e3e76; border-radius: 5px; color: #ffffff; font-size: 1.3em; min-height: 20px; padding: 12px 20px 12px 10px; position: relative; cursor: pointer; border-right-color: #1e3e76; border-top-color: #1e3e76; border-bottom-color: #1e3e76;\">Como \u00e9 feita a fiscaliza\u00e7\u00e3o de Editais de licita\u00e7\u00e3o?<\/label>\n<div class=\"toggle-content\">\n<p style=\"margin-bottom: 0px; color: #777777; line-height: 24px; padding-top: 10px; padding-bottom: 10px;\"><\/p>\n<p style=\"margin-bottom: 0px; color: #777777; line-height: 24px; padding-top: 10px; padding-bottom: 10px;\"><span style=\"font-size: large;\">O \u00f3rg\u00e3o licitante deve exigir que as empresas participantes estejam registradas no CRA-PA e, caso pertinente, apresentar o registro e atestado de capacidade t\u00e9cnica devidamente registrado na Autarquia. Se for empresa de outro estado, o Atestado deve ser visado e caso a empresa ven\u00e7a a licita\u00e7\u00e3o, deve efetuar o registro para atuar na jurisdi\u00e7\u00e3o do Par\u00e1.<\/span><\/p>\n<p style=\"margin-bottom: 0px; color: #777777; line-height: 24px; padding-top: 10px; padding-bottom: 10px;\"><\/p>\n\n<\/div>\n<\/section><section class=\"toggle active\" style=\"margin-top: 10px; position: relative; clear: both;\"><label style=\"display: block; max-width: 100%; margin-bottom: 5px; font-weight: 400; transition: all 0.15s ease-out 0s; background: #1e3e76; border-left: 3px solid #1e3e76; border-radius: 5px; color: #ffffff; font-size: 1.3em; min-height: 20px; padding: 12px 20px 12px 10px; position: relative; cursor: pointer; border-right-color: #1e3e76; border-top-color: #1e3e76; border-bottom-color: #1e3e76;\">Qual o preju\u00edzo real para a sociedade no caso de uma empresa que n\u00e3o esteja agindo em conformidade com a Lei 4769\/65?<\/label>\n<div class=\"toggle-content\">\n<p style=\"margin-bottom: 0px; color: #777777; line-height: 24px; padding-top: 10px; padding-bottom: 10px;\"><\/p>\n<p style=\"margin-bottom: 0px; color: #777777; line-height: 24px; padding-top: 10px; padding-bottom: 10px;\"><span style=\"font-size: large;\">O preju\u00edzo maior para sociedade \u00e9 o produto ou servi\u00e7o que ela oferece ou vai oferecer, pois sem o profissional devidamente qualificado e habilitado para o exerc\u00edcio da profiss\u00e3o pode, com certeza, criar danos para todos.<\/span><\/p>\n<p style=\"margin-bottom: 0px; color: #777777; line-height: 24px; padding-top: 10px; padding-bottom: 10px;\"><span style=\"font-size: large;\">Al\u00e9m do exposto, o profissional que trabalha numa empresa que n\u00e3o cumpre as exig\u00eancias da Lei 4769\/65, tamb\u00e9m acaba no preju\u00edzo, pois nunca vai ter seu trabalho devidamente reconhecido e estar\u00e1 contribuindo para ilegalidade e pass\u00edvel das penalidades legais.<\/span><\/p>\n<p style=\"margin-bottom: 0px; color: #777777; line-height: 24px; padding-top: 10px; padding-bottom: 10px;\"><\/p>\n\n<\/div>\n<\/section><section class=\"toggle active\" style=\"margin-top: 10px; position: relative; clear: both;\"><label style=\"display: block; max-width: 100%; margin-bottom: 5px; font-weight: 400; transition: all 0.15s ease-out 0s; background: #1e3e76; border-left: 3px solid #1e3e76; border-radius: 5px; color: #ffffff; font-size: 1.3em; min-height: 20px; padding: 12px 20px 12px 10px; position: relative; cursor: pointer; border-right-color: #1e3e76; border-top-color: #1e3e76; border-bottom-color: #1e3e76;\">Os servi\u00e7os os quais obrigam as empresas a ter registro nos CRAs:<\/label>\n<div class=\"toggle-content\">\n<p style=\"margin-bottom: 0px; color: #777777; line-height: 24px; padding-top: 10px; padding-bottom: 10px;\"><\/p>\n<p style=\"margin-bottom: 0px; color: #777777; line-height: 24px; padding-top: 10px; padding-bottom: 10px;\"><span style=\"font-size: large;\"><strong>Administra\u00e7\u00e3o de Recursos Humanos\/Pessoal:<\/strong>\u00a0elabora\u00e7\u00e3o e execu\u00e7\u00e3o de concursos p\u00fablicos; loca\u00e7\u00e3o e terceiriza\u00e7\u00e3o de m\u00e3o de obra; recrutamento, sele\u00e7\u00e3o e contrata\u00e7\u00e3o de pessoal; consultoria e elabora\u00e7\u00e3o de planos de cargos e sal\u00e1rios;<\/span><\/p>\n<p style=\"margin-bottom: 0px; color: #777777; line-height: 24px; padding-top: 10px; padding-bottom: 10px;\"><span style=\"font-size: large;\"><strong>Administra\u00e7\u00e3o Financeira:\u00a0<\/strong>consultoria, or\u00e7amentos, an\u00e1lise, planejamento e viabilidade financeira; controle de contas a pagar e receber e administra\u00e7\u00e3o de bens e valores;<\/span><\/p>\n<p style=\"margin-bottom: 0px; color: #777777; line-height: 24px; padding-top: 10px; padding-bottom: 10px;\"><span style=\"font-size: large;\"><strong>Administra\u00e7\u00e3o de Material:<\/strong>\u00a0controle patrimonial e de estoque, planejamento de compras e log\u00edstica;<\/span><\/p>\n<p style=\"margin-bottom: 0px; color: #777777; line-height: 24px; padding-top: 10px; padding-bottom: 10px;\"><span style=\"font-size: large;\"><strong>Administra\u00e7\u00e3o de Organiza\u00e7\u00e3o, M\u00e9todos e Programas de Trabalho:<\/strong>\u00a0assessoria e consultoria administrativa, planejamento, estrutura\u00e7\u00e3o e organiza\u00e7\u00e3o de empresas; rotinas e procedimentos operacionais.<\/span><\/p>\n<p style=\"margin-bottom: 0px; color: #777777; line-height: 24px; padding-top: 10px; padding-bottom: 10px;\"><\/p>\n<p style=\"margin-bottom: 0px; color: #777777; line-height: 24px; padding-top: 10px; padding-bottom: 10px;\"><\/p>\n\n<\/div>\n<\/section><section class=\"toggle active\" style=\"margin-top: 10px; position: relative; clear: both;\"><label style=\"display: block; max-width: 100%; margin-bottom: 5px; font-weight: 400; transition: all 0.15s ease-out 0s; background: #1e3e76; border-left: 3px solid #1e3e76; border-radius: 5px; color: #ffffff; font-size: 1.3em; min-height: 20px; padding: 12px 20px 12px 10px; position: relative; cursor: pointer; border-right-color: #1e3e76; border-top-color: #1e3e76; border-bottom-color: #1e3e76;\">O que \u00e9 exerc\u00edcio ilegal da profiss\u00e3o?<\/label>\n<div class=\"toggle-content\">\n<p style=\"margin-bottom: 0px; color: #777777; line-height: 24px; padding-top: 10px; padding-bottom: 10px;\"><\/p>\n<p style=\"margin-bottom: 0px; color: #777777; line-height: 24px; padding-top: 10px; padding-bottom: 10px;\"><span style=\"font-size: large;\">\u00c9 o ato de exercer profiss\u00e3o, atividade econ\u00f4mica ou anunciar que a exerce sem preencher as condi\u00e7\u00f5es que, por lei, o seu exerc\u00edcio est\u00e1 subordinado. No caso da profiss\u00e3o de Administrador, o seu exerc\u00edcio \u00e9 regulamentado pela Lei n\u00ba 4.769\/65, regulamentada pelo Decreto 61. 934\/67.<\/span><\/p>\n<p style=\"margin-bottom: 0px; color: #777777; line-height: 24px; padding-top: 10px; padding-bottom: 10px;\"><\/p>\n\n<\/div>\n<\/section><section class=\"toggle active\" style=\"margin-top: 10px; position: relative; clear: both;\"><label style=\"display: block; max-width: 100%; margin-bottom: 5px; font-weight: 400; transition: all 0.15s ease-out 0s; background: #1e3e76; border-left: 3px solid #1e3e76; border-radius: 5px; color: #ffffff; font-size: 1.3em; min-height: 20px; padding: 12px 20px 12px 10px; position: relative; cursor: pointer; border-right-color: #1e3e76; border-top-color: #1e3e76; border-bottom-color: #1e3e76;\">O exerc\u00edcio ilegal \u00e9 considerado crime?<\/label>\n<div class=\"toggle-content\">\n<p style=\"margin-bottom: 0px; color: #777777; line-height: 24px; padding-top: 10px; padding-bottom: 10px;\"><\/p>\n<p style=\"margin-bottom: 0px; color: #777777; line-height: 24px; padding-top: 10px; padding-bottom: 10px;\"><span style=\"font-size: large;\">Sim, e ele est\u00e1 previsto no art. 47 do Decreto-Lei n\u00ba 3.688\/41, da Lei de Contraven\u00e7\u00f5es Penais.<\/span><\/p>\n<p style=\"margin-bottom: 0px; color: #777777; line-height: 24px; padding-top: 10px; padding-bottom: 10px;\"><\/p>\n\n<\/div>\n<\/section><section class=\"toggle active\" style=\"margin-top: 10px; position: relative; clear: both;\"><label style=\"display: block; max-width: 100%; margin-bottom: 5px; font-weight: 400; transition: all 0.15s ease-out 0s; background: #1e3e76; border-left: 3px solid #1e3e76; border-radius: 5px; color: #ffffff; font-size: 1.3em; min-height: 20px; padding: 12px 20px 12px 10px; position: relative; cursor: pointer; border-right-color: #1e3e76; border-top-color: #1e3e76; border-bottom-color: #1e3e76;\">O que acontece se uma pessoa sem registro profissional for flagrada pelo Conselho exercendo as fun\u00e7\u00f5es pr\u00f3prias dos Profissionais de Administra\u00e7\u00e3o?<\/label>\n<div class=\"toggle-content\">\n<p style=\"margin-bottom: 0px; color: #777777; line-height: 24px; padding-top: 10px; padding-bottom: 10px;\"><\/p>\n<p style=\"margin-bottom: 0px; color: #777777; line-height: 24px; padding-top: 10px; padding-bottom: 10px;\"><span style=\"font-size: large;\">\u00c9 realizada uma autua\u00e7\u00e3o, caracterizando o Exerc\u00edcio Ilegal da Profiss\u00e3o ou Atividade, previsto na lei 4.769\/65 e no art. 47 da Lei das Contraven\u00e7\u00f5es Penais. Comprovada a irregularidade, ap\u00f3s o direito do contradit\u00f3rio e ampla defesa, o processo administrativo \u00e9 remetido ao Minist\u00e9rio P\u00fablico para que se proceda \u00e0 ado\u00e7\u00e3o das penalidades cab\u00edveis em legisla\u00e7\u00e3o.<\/span><\/p>\n<p style=\"margin-bottom: 0px; color: #777777; line-height: 24px; padding-top: 10px; padding-bottom: 10px;\"><\/p>\n\n<\/div>\n<\/section><section class=\"toggle active\" style=\"margin-top: 10px; position: relative; clear: both;\"><label style=\"display: block; max-width: 100%; margin-bottom: 5px; font-weight: 400; transition: all 0.15s ease-out 0s; background: #1e3e76; border-left: 3px solid #1e3e76; border-radius: 5px; color: #ffffff; font-size: 1.3em; min-height: 20px; padding: 12px 20px 12px 10px; position: relative; cursor: pointer; border-right-color: #1e3e76; border-top-color: #1e3e76; border-bottom-color: #1e3e76;\">Quem analisa e relata defesa?<\/label>\n<div class=\"toggle-content\">\n<p style=\"margin-bottom: 0px; color: #777777; line-height: 24px; padding-top: 10px; padding-bottom: 10px;\"><\/p>\n<p style=\"margin-bottom: 0px; color: #777777; line-height: 24px; padding-top: 10px; padding-bottom: 10px;\"><span style=\"font-size: large;\">A defesa \u00e9 analisada por um conselheiro e submetida ao Plen\u00e1rio deste regional.<\/span><\/p>\n<p style=\"margin-bottom: 0px; color: #777777; line-height: 24px; padding-top: 10px; padding-bottom: 10px;\"><\/p>\n\n<\/div>\n<\/section><section class=\"toggle active\" style=\"margin-top: 10px; position: relative; clear: both;\"><label style=\"display: block; max-width: 100%; margin-bottom: 5px; font-weight: 400; transition: all 0.15s ease-out 0s; background: #1e3e76; border-left: 3px solid #1e3e76; border-radius: 5px; color: #ffffff; font-size: 1.3em; min-height: 20px; padding: 12px 20px 12px 10px; position: relative; cursor: pointer; border-right-color: #1e3e76; border-top-color: #1e3e76; border-bottom-color: #1e3e76;\">Quem analisa e relata recurso de 2\u00aa Inst\u00e2ncia ou seja recursos enviados ao CFA?<\/label>\n<div class=\"toggle-content\">\n<p style=\"margin-bottom: 0px; color: #777777; line-height: 24px; padding-top: 10px; padding-bottom: 10px;\"><\/p>\n<p style=\"margin-bottom: 0px; color: #777777; line-height: 24px; padding-top: 10px; padding-bottom: 10px;\"><span style=\"font-size: large;\">Os recursos s\u00e3o analisados pelos conselheiros Federais no CFA em Bras\u00edlia e submetidos ao plen\u00e1rio do CFA.<\/span><\/p>\n<p style=\"margin-bottom: 0px; color: #777777; line-height: 24px; padding-top: 10px; padding-bottom: 10px;\"><\/p>\n\n<\/div>\n<\/section><section class=\"toggle active\" style=\"margin-top: 10px; position: relative; clear: both;\"><label style=\"display: block; max-width: 100%; margin-bottom: 5px; font-weight: 400; transition: all 0.15s ease-out 0s; background: #1e3e76; border-left: 3px solid #1e3e76; border-radius: 5px; color: #ffffff; font-size: 1.3em; min-height: 20px; padding: 12px 20px 12px 10px; position: relative; cursor: pointer; border-right-color: #1e3e76; border-top-color: #1e3e76; border-bottom-color: #1e3e76;\">Fornecimento de c\u00f3pia e de vista de processo de fiscaliza\u00e7\u00e3o. Quem tem direito?<\/label>\n<div class=\"toggle-content\">\n<p style=\"margin-bottom: 0px; color: #777777; line-height: 24px; padding-top: 10px; padding-bottom: 10px; font-family: 'Open Sans', Arial, sans-serif; font-size: 14px; font-style: normal; font-variant-ligatures: normal; font-variant-caps: normal; font-weight: 400;\"><\/p>\n<p style=\"margin-bottom: 0px; color: #777777; line-height: 24px; padding-top: 10px; padding-bottom: 10px; font-family: 'Open Sans', Arial, sans-serif; font-size: 14px; font-style: normal; font-variant-ligatures: normal; font-variant-caps: normal; font-weight: 400;\"><span style=\"font-size: large;\">De acordo com orienta\u00e7\u00e3o da Controladoria Geral da Uni\u00e3o, vigora como em toda a Administra\u00e7\u00e3o P\u00fablica Federal o princ\u00edpio da publicidade, diante da peculiaridade da mat\u00e9ria. No entanto, esta publicidade deve ser vista com reserva. O processo disciplinar \u00e9 p\u00fablico, mas n\u00e3o na abrang\u00eancia general\u00edstica do termo. A publicidade aqui \u00e9 estrita, no sentido de n\u00e3o transcorrer de forma sigilosa e escusa contra quem tem efetivo interesse. Assim, somente a quem o processo deva interessar \u00e9 garantido livre acesso aos autos.<\/span><\/p>\n\n<div><span style=\"font-size: large;\">\u00a0<\/span><\/div>\n<\/div>\n<\/section><\/div>\n<\/div><\/div>\n\t\t\t\t\t\t\t\t\t<div class=\"elementor-tab-title elementor-tab-mobile-title\" aria-selected=\"false\" data-tab=\"3\" role=\"tab\" tabindex=\"-1\" aria-controls=\"elementor-tab-content-5233\" aria-expanded=\"false\">REGISTRO<\/div>\n\t\t\t\t\t<div id=\"elementor-tab-content-5233\" class=\"elementor-tab-content elementor-clearfix\" data-tab=\"3\" role=\"tabpanel\" aria-labelledby=\"elementor-tab-title-5233\" tabindex=\"0\" hidden=\"hidden\"><div class=\"col-md-12\" style=\"position: relative; min-height: 1px; padding-right: 15px; padding-left: 15px; float: left; width: 870px; color: #777777; font-family: 'Open Sans', Arial, sans-serif; font-size: 14px; font-style: normal; font-variant-ligatures: normal; font-variant-caps: normal; font-weight: 400;\">\n<h1 class=\"short word-rotator-title\" style=\"margin-bottom: 15px; font-size: 2.6em; font-weight: 200; line-height: 44px; color: #0e0e0e; letter-spacing: -1px;\">Sobre Registro<\/h1>\n<\/div>\n<div class=\"col-md-12\" style=\"position: relative; min-height: 1px; padding-right: 15px; padding-left: 15px; float: left; width: 870px; color: #777777; font-family: 'Open Sans', Arial, sans-serif; font-size: 14px; font-style: normal; font-variant-ligatures: normal; font-variant-caps: normal; font-weight: 400;\">\n<div class=\"toggle\" style=\"margin-top: 10px; position: relative; clear: both;\" data-plugin-toggle=\"\"><section class=\"toggle active\" style=\"margin-top: 10px; position: relative; clear: both;\"><label style=\"display: block; max-width: 100%; margin-bottom: 5px; font-weight: 400; transition: all 0.15s ease-out 0s; background: #1e3e76; border-left: 3px solid #1e3e76; border-radius: 5px; color: #ffffff; font-size: 1.3em; min-height: 20px; padding: 12px 20px 12px 10px; position: relative; cursor: pointer; border-right-color: #1e3e76; border-top-color: #1e3e76; border-bottom-color: #1e3e76;\">Por que devo me Registrar?<\/label>\n<div class=\"toggle-content\">\n<p style=\"margin-bottom: 0px; line-height: 24px; padding-top: 10px; padding-bottom: 10px;\"><\/p>\n<p style=\"margin-bottom: 0px; line-height: 24px; padding-top: 10px; padding-bottom: 10px;\"><span style=\"font-size: large;\">Porque a profiss\u00e3o de administrador foi criada e regulamentada por lei (lei n\u00ba 4.769\/65 e regulamento aprovado pelo decreto n\u00ba 61.934\/67). Sendo assim, s\u00f3 pode exerc\u00ea-la o profissional que esteja habilitado com registro no Conselho Regional de Administra\u00e7\u00e3o, na forma da legisla\u00e7\u00e3o citada.<\/span><\/p>\n<p style=\"margin-bottom: 0px; line-height: 24px; padding-top: 10px; padding-bottom: 10px;\"><span style=\"font-size: large;\">Do contr\u00e1rio, o profissional exercer\u00e1 ilegalmente a profiss\u00e3o e, portanto, estar\u00e1 sujeito a penalidades, tais como multa e perda de cargo.<\/span><\/p>\n<p style=\"margin-bottom: 0px; line-height: 24px; padding-top: 10px; padding-bottom: 10px;\"><span style=\"font-size: large;\">Al\u00e9m de ser uma obriga\u00e7\u00e3o legal, o registro no CRA-PA, assim como a pontualidade no pagamento da anuidade, representam atos de consci\u00eancia profissional. A falta de pagamento do registro e da anuidade do CRA-PA tornam ilegal o exerc\u00edcio da profiss\u00e3o e pun\u00edvel o infrator.<\/span><\/p>\n<p style=\"margin-bottom: 0px; line-height: 24px; padding-top: 10px; padding-bottom: 10px;\"><\/p>\n<p style=\"margin-bottom: 0px; line-height: 24px; padding-top: 10px; padding-bottom: 10px;\"><\/p>\n\n<\/div>\n<\/section><section class=\"toggle active\" style=\"margin-top: 10px; position: relative; clear: both;\"><label style=\"display: block; max-width: 100%; margin-bottom: 5px; font-weight: 400; transition: all 0.15s ease-out 0s; background: #1e3e76; border-left: 3px solid #1e3e76; border-radius: 5px; color: #ffffff; font-size: 1.3em; min-height: 20px; padding: 12px 20px 12px 10px; position: relative; cursor: pointer; border-right-color: #1e3e76; border-top-color: #1e3e76; border-bottom-color: #1e3e76;\">Meu Registro est\u00e1 com carteira vencida. Continuarei vinculado e tendo obriga\u00e7\u00f5es quanto ao pagamento das anuidades?<\/label>\n<div class=\"toggle-content\">\n<p style=\"margin-bottom: 0px; line-height: 24px; padding-top: 10px; padding-bottom: 10px;\"><\/p>\n<p style=\"margin-bottom: 0px; line-height: 24px; padding-top: 10px; padding-bottom: 10px;\"><span style=\"font-size: large;\">Sim. Enquanto houver o registro, mesmo que com a carteira vencida, as obriga\u00e7\u00f5es para com os CRA-PA continuam. O profissional deve estar em dia com suas obriga\u00e7\u00f5es, inclusive com o registro devidamente regularizado, para exercer seus direitos.<\/span><\/p>\n<p style=\"margin-bottom: 0px; line-height: 24px; padding-top: 10px; padding-bottom: 10px;\"><\/p>\n\n<\/div>\n<\/section><section class=\"toggle active\" style=\"margin-top: 10px; position: relative; clear: both;\"><label style=\"display: block; max-width: 100%; margin-bottom: 5px; font-weight: 400; transition: all 0.15s ease-out 0s; background: #1e3e76; border-left: 3px solid #1e3e76; border-radius: 5px; color: #ffffff; font-size: 1.3em; min-height: 20px; padding: 12px 20px 12px 10px; position: relative; cursor: pointer; border-right-color: #1e3e76; border-top-color: #1e3e76; border-bottom-color: #1e3e76;\">Estando registrado no CRA-PA posso atuar em todo territ\u00f3rio nacional?<\/label>\n<div class=\"toggle-content\">\n<p style=\"margin-bottom: 0px; line-height: 24px; padding-top: 10px; padding-bottom: 10px;\"><\/p>\n<p style=\"margin-bottom: 0px; line-height: 24px; padding-top: 10px; padding-bottom: 10px;\"><span style=\"font-size: large;\">N\u00e3o, \u00e9 necess\u00e1rio providenciar o registro secund\u00e1rio nos Conselhos da jurisdi\u00e7\u00e3o onde o servi\u00e7o vier a ser prestado.<\/span><\/p>\n<p style=\"margin-bottom: 0px; line-height: 24px; padding-top: 10px; padding-bottom: 10px;\"><\/p>\n\n<\/div>\n<\/section><section class=\"toggle active\" style=\"margin-top: 10px; position: relative; clear: both;\"><label style=\"display: block; max-width: 100%; margin-bottom: 5px; font-weight: 400; transition: all 0.15s ease-out 0s; background: #1e3e76; border-left: 3px solid #1e3e76; border-radius: 5px; color: #ffffff; font-size: 1.3em; min-height: 20px; padding: 12px 20px 12px 10px; position: relative; cursor: pointer; border-right-color: #1e3e76; border-top-color: #1e3e76; border-bottom-color: #1e3e76;\">Sou formado em curso de Administra\u00e7\u00e3o no exterior. Posso obter registro no CRA\/PA?<\/label>\n<div class=\"toggle-content\">\n<p style=\"margin-bottom: 0px; line-height: 24px; padding-top: 10px; padding-bottom: 10px;\"><\/p>\n<p style=\"margin-bottom: 0px; line-height: 24px; padding-top: 10px; padding-bottom: 10px;\"><span style=\"font-size: large;\">Sim. Os formados em cursos regulares de Administra\u00e7\u00e3o feitos no exterior podem proceder ao registro no CRA, mas somente ap\u00f3s a revalida\u00e7\u00e3o do diploma pelo MEC ou universidade autorizada, conforme artigo 2\u00ba, letra &#8220;b&#8221;, do regulamento da Lei n\u00b0. 4.769\/65.<\/span><\/p>\n<p style=\"margin-bottom: 0px; line-height: 24px; padding-top: 10px; padding-bottom: 10px;\"><\/p>\n\n<\/div>\n<\/section><section class=\"toggle active\" style=\"margin-top: 10px; position: relative; clear: both;\"><label style=\"display: block; max-width: 100%; margin-bottom: 5px; font-weight: 400; transition: all 0.15s ease-out 0s; background: #1e3e76; border-left: 3px solid #1e3e76; border-radius: 5px; color: #ffffff; font-size: 1.3em; min-height: 20px; padding: 12px 20px 12px 10px; position: relative; cursor: pointer; border-right-color: #1e3e76; border-top-color: #1e3e76; border-bottom-color: #1e3e76;\">Quem pode se registrar no CRA?<\/label>\n<div class=\"toggle-content\">\n<p style=\"margin-bottom: 0px; line-height: 24px; padding-top: 10px; padding-bottom: 10px;\"><\/p>\n<p style=\"margin-bottom: 0px; line-height: 24px; padding-top: 10px; padding-bottom: 10px;\"><span style=\"font-size: large;\">Bachar\u00e9is em Administra\u00e7\u00e3o; Bachar\u00e9is em Gest\u00e3o P\u00fablica; Bachar\u00e9is em Gest\u00e3o de Pol\u00edticas P\u00fablicas; Bachar\u00e9is em cursos superiores conexos \u00e0 Administra\u00e7\u00e3o; Diplomados em Cursos Sequenciais de Forma\u00e7\u00e3o Espec\u00edfica conexos \u00e0 Administra\u00e7\u00e3o; T\u00e9cnicos em Administra\u00e7\u00e3o &#8211; N\u00edvel M\u00e9dio. Diplomados em Cursos Superiores de Tecnologia conexos \u00e0 Administra\u00e7\u00e3o.<\/span><\/p>\n<p style=\"margin-bottom: 0px; line-height: 24px; padding-top: 10px; padding-bottom: 10px;\"><\/p>\n\n<\/div>\n<\/section><section class=\"toggle active\" style=\"margin-top: 10px; position: relative; clear: both;\"><label style=\"display: block; max-width: 100%; margin-bottom: 5px; font-weight: 400; transition: all 0.15s ease-out 0s; background: #1e3e76; border-left: 3px solid #1e3e76; border-radius: 5px; color: #ffffff; font-size: 1.3em; min-height: 20px; padding: 12px 20px 12px 10px; position: relative; cursor: pointer; border-right-color: #1e3e76; border-top-color: #1e3e76; border-bottom-color: #1e3e76;\">Como se registrar no CRA?<\/label>\n<div class=\"toggle-content\">\n<p style=\"margin-bottom: 0px; line-height: 24px; padding-top: 10px; padding-bottom: 10px;\"><\/p>\n<p style=\"margin-bottom: 0px; line-height: 24px; padding-top: 10px; padding-bottom: 10px;\"><span style=\"font-size: large;\">Para dar in\u00edcio ao seu processo de registro voc\u00ea dever\u00e1 entrar no atendimento digital no site do CRA-PA\u00a0<strong><a style=\"color: #1e3e76; outline-style: none !important; outline-width: initial !important;\" href=\"https:\/\/app2.incorpnet.com.br\/app\/incorpnet.dll\/login?conselho=crapa\" target=\"_blank\" rel=\"noopener\">(https:\/\/app2.incorpnet.com.br\/app\/incorpnet.dll\/login?conselho=crapa)<\/a><\/strong>\u00a0optar por &#8220;realizar pr\u00e9-inscri\u00e7\u00e3o profissional&#8221;, acessando &#8220;Requerimento de Inscri\u00e7\u00e3o&#8221;, em seguida informe o seu CPF e selecione o tipo de inscri\u00e7\u00e3o de acordo com a sua forma\u00e7\u00e3o.<\/span><\/p>\n<p style=\"margin-bottom: 0px; line-height: 24px; padding-top: 10px; padding-bottom: 10px;\"><\/p>\n\n<\/div>\n<\/section><section class=\"toggle active\" style=\"margin-top: 10px; position: relative; clear: both;\"><label style=\"display: block; max-width: 100%; margin-bottom: 5px; font-weight: 400; transition: all 0.15s ease-out 0s; background: #1e3e76; border-left: 3px solid #1e3e76; border-radius: 5px; color: #ffffff; font-size: 1.3em; min-height: 20px; padding: 12px 20px 12px 10px; position: relative; cursor: pointer; border-right-color: #1e3e76; border-top-color: #1e3e76; border-bottom-color: #1e3e76;\">Qual o valor da despesa para obter o registro profissional?<\/label>\n<div class=\"toggle-content\">\n<p style=\"margin-bottom: 0px; line-height: 24px; padding-top: 10px; padding-bottom: 10px;\"><\/p>\n<p style=\"margin-bottom: 0px; line-height: 24px; padding-top: 10px; padding-bottom: 10px;\"><span style=\"font-size: large;\">Quando do registro, o profissional recolher\u00e1 apenas as parcelas correspondentes aos duod\u00e9cimos vincendos da anuidade do exerc\u00edcio + taxa de registro + taxa de carteira.<\/span><\/p>\n<p style=\"margin-bottom: 0px; line-height: 24px; padding-top: 10px; padding-bottom: 10px;\"><span style=\"font-size: large;\">Os valores s\u00e3o estabelecidos em Resolu\u00e7\u00e3o Normativa anual. Para 2018, os valores a serem pagos s\u00e3o:<\/span><\/p>\n\n<ul style=\"margin-top: 0px; margin-bottom: 10px;\">\n \t<li style=\"line-height: 24px;\"><span style=\"font-size: large;\">Taxa de registro profissional: R$ 35,56<\/span><\/li>\n \t<li style=\"line-height: 24px;\"><span style=\"font-size: large;\">Taxa da Carteira de Identidade Profissional &#8211; CIP: R$ 35,56<\/span><\/li>\n \t<li style=\"line-height: 24px;\"><span style=\"font-size: large;\">Anuidade integral &#8211; Administrador: R$ 407,50 \/ Tecn\u00f3logo: R$ 277,42 (inscri\u00e7\u00e3o em janeiro)<\/span><\/li>\n \t<li style=\"line-height: 24px;\"><span style=\"font-size: large;\">Anuidade Proporcional. (duod\u00e9cimos vincendos para outros meses)<\/span><\/li>\n<\/ul>\n<p style=\"margin-bottom: 0px; line-height: 24px; padding-top: 10px; padding-bottom: 10px;\"><\/p>\n<p style=\"margin-bottom: 0px; line-height: 24px; padding-top: 10px; padding-bottom: 10px;\"><\/p>\n\n<\/div>\n<\/section><section class=\"toggle active\" style=\"margin-top: 10px; position: relative; clear: both;\"><label style=\"display: block; max-width: 100%; margin-bottom: 5px; font-weight: 400; transition: all 0.15s ease-out 0s; background: #1e3e76; border-left: 3px solid #1e3e76; border-radius: 5px; color: #ffffff; font-size: 1.3em; min-height: 20px; padding: 12px 20px 12px 10px; position: relative; cursor: pointer; border-right-color: #1e3e76; border-top-color: #1e3e76; border-bottom-color: #1e3e76;\">O que \u00e9 a Carteira de Identidade Profissional?<\/label>\n<div class=\"toggle-content\">\n<p style=\"margin-bottom: 0px; line-height: 24px; padding-top: 10px; padding-bottom: 10px;\"><\/p>\n<p style=\"margin-bottom: 0px; line-height: 24px; padding-top: 10px; padding-bottom: 10px;\"><span style=\"font-size: large;\">O documento de identifica\u00e7\u00e3o do profissional de administra\u00e7\u00e3o \u00e9 a carteira de identidade profissional, nos termos do art. 14 da Lei n\u00b0 4.769\/65, e art. 9\u00ba do Decreto n\u00b0 61.934\/67. A expedi\u00e7\u00e3o da carteira de identidade profissional \u00e9 feita pelo CRA-PA, de acordo com o modelo oficial aprovado pelo CFA, sendo v\u00e1lida em todo o territ\u00f3rio nacional como identidade profissional.<\/span><\/p>\n<p style=\"margin-bottom: 0px; line-height: 24px; padding-top: 10px; padding-bottom: 10px;\"><\/p>\n\n<\/div>\n<\/section><section class=\"toggle active\" style=\"margin-top: 10px; position: relative; clear: both;\"><label style=\"display: block; max-width: 100%; margin-bottom: 5px; font-weight: 400; transition: all 0.15s ease-out 0s; background: #1e3e76; border-left: 3px solid #1e3e76; border-radius: 5px; color: #ffffff; font-size: 1.3em; min-height: 20px; padding: 12px 20px 12px 10px; position: relative; cursor: pointer; border-right-color: #1e3e76; border-top-color: #1e3e76; border-bottom-color: #1e3e76;\">Como e quando recebo a minha Carteira de Identidade Profissional?<\/label>\n<div class=\"toggle-content\">\n<p style=\"margin-bottom: 0px; line-height: 24px; padding-top: 10px; padding-bottom: 10px;\"><\/p>\n<p style=\"margin-bottom: 0px; line-height: 24px; padding-top: 10px; padding-bottom: 10px;\"><span style=\"font-size: large;\">Pessoalmente na sede do CRA-PA. A CIP fica pronta em 10 dias. No caso de profissionais com domicilio fora da sede e envie a documenta\u00e7\u00e3o por correspond\u00eancia ou digitalizada, a CIP ser\u00e1 enviada atrav\u00e9s dos Correios para o endere\u00e7o residencial do profissional.<\/span><\/p>\n<p style=\"margin-bottom: 0px; line-height: 24px; padding-top: 10px; padding-bottom: 10px;\"><\/p>\n\n<\/div>\n<\/section><section class=\"toggle active\" style=\"margin-top: 10px; position: relative; clear: both;\"><label style=\"display: block; max-width: 100%; margin-bottom: 5px; font-weight: 400; transition: all 0.15s ease-out 0s; background: #1e3e76; border-left: 3px solid #1e3e76; border-radius: 5px; color: #ffffff; font-size: 1.3em; min-height: 20px; padding: 12px 20px 12px 10px; position: relative; cursor: pointer; border-right-color: #1e3e76; border-top-color: #1e3e76; border-bottom-color: #1e3e76;\">Qual a diferen\u00e7a entre os cursos superiores de Tecnologia e os cursos de bacharelado?<\/label>\n<div class=\"toggle-content\">\n<p style=\"margin-bottom: 0px; line-height: 24px; padding-top: 10px; padding-bottom: 10px;\"><\/p>\n<p style=\"margin-bottom: 0px; line-height: 24px; padding-top: 10px; padding-bottom: 10px;\"><span style=\"font-size: large;\">As duas modalidades de ensino s\u00e3o de gradua\u00e7\u00e3o, todavia, suas bases legais n\u00e3o as igualam. Cabe ao bacharel em Administra\u00e7\u00e3o atuar em todo o campo de conhecimento da Administra\u00e7\u00e3o e ao Tecn\u00f3logo atuar somente em uma determinada \u00e1rea do conhecimento dessa ci\u00eancia, ou seja, seu exerc\u00edcio profissional est\u00e1 restrito \u00e0 sua forma\u00e7\u00e3o acad\u00eamica.<\/span><\/p>\n<p style=\"margin-bottom: 0px; line-height: 24px; padding-top: 10px; padding-bottom: 10px;\"><\/p>\n\n<\/div>\n<\/section><section class=\"toggle active\" style=\"margin-top: 10px; position: relative; clear: both;\"><label style=\"display: block; max-width: 100%; margin-bottom: 5px; font-weight: 400; transition: all 0.15s ease-out 0s; background: #1e3e76; border-left: 3px solid #1e3e76; border-radius: 5px; color: #ffffff; font-size: 1.3em; min-height: 20px; padding: 12px 20px 12px 10px; position: relative; cursor: pointer; border-right-color: #1e3e76; border-top-color: #1e3e76; border-bottom-color: #1e3e76;\">O Tecn\u00f3logo com registro em CRA pode participar de concurso p\u00fablico para cargo de Administrador?<\/label>\n<div class=\"toggle-content\">\n<p style=\"margin-bottom: 0px; line-height: 24px; padding-top: 10px; padding-bottom: 10px;\"><\/p>\n<p style=\"margin-bottom: 0px; line-height: 24px; padding-top: 10px; padding-bottom: 10px;\"><span style=\"font-size: large;\">N\u00e3o. O Tecn\u00f3logo somente poder\u00e1 tomar posse em concursos cujos editais considere a participa\u00e7\u00e3o de candidatos egressos de Cursos Superiores de Tecnologia. Contudo, o Administrador com registro em CRA poder\u00e1 inscrever-se em concurso p\u00fablico para provimento de cargos cujas atividades estejam dentro dos campos citados na Lei 4.769\/1965.<\/span><\/p>\n<p style=\"margin-bottom: 0px; line-height: 24px; padding-top: 10px; padding-bottom: 10px;\"><span style=\"font-size: large;\">O pr\u00e9-requisito de escolaridade e titula\u00e7\u00e3o para o provimento do cargo \u00e9 definido pelo \u00f3rg\u00e3o promotor do concurso, o qual tem todo o direito de selecionar candidatos que atendam o perfil estabelecido.<\/span><\/p>\n<p style=\"margin-bottom: 0px; line-height: 24px; padding-top: 10px; padding-bottom: 10px;\"><\/p>\n<p style=\"margin-bottom: 0px; line-height: 24px; padding-top: 10px; padding-bottom: 10px;\"><\/p>\n\n<\/div>\n<\/section><section class=\"toggle active\" style=\"margin-top: 10px; position: relative; clear: both;\"><label style=\"display: block; max-width: 100%; margin-bottom: 5px; font-weight: 400; transition: all 0.15s ease-out 0s; background: #1e3e76; border-left: 3px solid #1e3e76; border-radius: 5px; color: #ffffff; font-size: 1.3em; min-height: 20px; padding: 12px 20px 12px 10px; position: relative; cursor: pointer; border-right-color: #1e3e76; border-top-color: #1e3e76; border-bottom-color: #1e3e76;\">O CRA registra profissional egresso de cursos EAD<\/label>\n<div class=\"toggle-content\">\n<p style=\"margin-bottom: 0px; line-height: 24px; padding-top: 10px; padding-bottom: 10px;\"><\/p>\n<p style=\"margin-bottom: 0px; line-height: 24px; padding-top: 10px; padding-bottom: 10px;\"><span style=\"font-size: large;\">Sim. Os egressos de cursos EAD podem obter o registro profissional no CRA, desde que esses cursos estejam devidamente reconhecidos e autorizados pelo Minist\u00e9rio da Educa\u00e7\u00e3o (MEC). O MEC n\u00e3o faz nenhum tipo de diferen\u00e7a entre a titula\u00e7\u00e3o do bacharel formado na modalidade presencial e o bacharel formado na modalidade a dist\u00e2ncia.<\/span><\/p>\n<p style=\"margin-bottom: 0px; line-height: 24px; padding-top: 10px; padding-bottom: 10px;\"><\/p>\n\n<\/div>\n<\/section><section class=\"toggle active\" style=\"margin-top: 10px; position: relative; clear: both;\"><label style=\"display: block; max-width: 100%; margin-bottom: 5px; font-weight: 400; transition: all 0.15s ease-out 0s; background: #1e3e76; border-left: 3px solid #1e3e76; border-radius: 5px; color: #ffffff; font-size: 1.3em; min-height: 20px; padding: 12px 20px 12px 10px; position: relative; cursor: pointer; border-right-color: #1e3e76; border-top-color: #1e3e76; border-bottom-color: #1e3e76;\">Por que o egresso do Curso de Administra\u00e7\u00e3o n\u00e3o participa de exame de profici\u00eancia para obten\u00e7\u00e3o de registro profissional?<\/label>\n<div class=\"toggle-content\">\n<p style=\"margin-bottom: 0px; line-height: 24px; padding-top: 10px; padding-bottom: 10px;\"><\/p>\n<p style=\"margin-bottom: 0px; line-height: 24px; padding-top: 10px; padding-bottom: 10px;\"><span style=\"font-size: large;\">O Profissional de Administra\u00e7\u00e3o obter\u00e1 registro em CRA sem se seja necess\u00e1ria a realiza\u00e7\u00e3o de prova ou de exame de profici\u00eancia ou de sufici\u00eancia. A lei de Reg\u00eancia da profiss\u00e3o de Administrador n\u00e3o contempla tal exig\u00eancia, a qual n\u00e3o pode ser regulamentada por meio de Resolu\u00e7\u00e3o Normativa.<\/span><\/p>\n<p style=\"margin-bottom: 0px; line-height: 24px; padding-top: 10px; padding-bottom: 10px;\"><\/p>\n\n<\/div>\n<\/section><section class=\"toggle active\" style=\"margin-top: 10px; position: relative; clear: both;\"><label style=\"display: block; max-width: 100%; margin-bottom: 5px; font-weight: 400; transition: all 0.15s ease-out 0s; background: #1e3e76; border-left: 3px solid #1e3e76; border-radius: 5px; color: #ffffff; font-size: 1.3em; min-height: 20px; padding: 12px 20px 12px 10px; position: relative; cursor: pointer; border-right-color: #1e3e76; border-top-color: #1e3e76; border-bottom-color: #1e3e76;\">\u00c9 poss\u00edvel o registro de militares no Sistema CFA\/CRAs?<\/label>\n<div class=\"toggle-content\">\n<p style=\"margin-bottom: 0px; line-height: 24px; padding-top: 10px; padding-bottom: 10px;\"><\/p>\n<p style=\"margin-bottom: 0px; line-height: 24px; padding-top: 10px; padding-bottom: 10px;\"><span style=\"font-size: large;\">Os CRAs somente poder\u00e3o conceder registro profissional de Administrador para os requerentes militares egressos de cursos que tenham suas respectivas declara\u00e7\u00f5es de equival\u00eancia emitidas por meio de ato do Minist\u00e9rio da Educa\u00e7\u00e3o, publicado no Di\u00e1rio Oficial da Uni\u00e3o.<\/span><\/p>\n<p style=\"margin-bottom: 0px; line-height: 24px; padding-top: 10px; padding-bottom: 10px;\"><span style=\"font-size: large;\">Para que os cursos de ensino militar sejam considerados equivalentes aos cursos do Sistema Federal de Ensino, o \u00d3rg\u00e3o Central do Sistema de Ensino de cada Institui\u00e7\u00e3o Militar deve adequar suas propostas pedag\u00f3gicas \u00e0s diretrizes curriculares estabelecidas pelo Conselho Nacional de Educa\u00e7\u00e3o (CNE) para os cursos de gradua\u00e7\u00e3o\/bacharelado.<\/span><\/p>\n<p style=\"margin-bottom: 0px; line-height: 24px; padding-top: 10px; padding-bottom: 10px;\"><span style=\"font-size: large;\">O Minist\u00e9rio da Educa\u00e7\u00e3o, por meio da Portaria MEC n\u00ba 3.672, de 12\/11\/2004, estabelece normas para a equipara\u00e7\u00e3o dos cursos superiores militares aos cursos do Sistema Federal de Ensino, a ser realizada pela Secretaria de Educa\u00e7\u00e3o Superior do MEC (SESu), em articula\u00e7\u00e3o com as Universidades Federais.<\/span><\/p>\n<p style=\"margin-bottom: 0px; line-height: 24px; padding-top: 10px; padding-bottom: 10px;\"><span style=\"font-size: large;\">Cabe ressaltar que a Portaria Normativa Interministerial n\u00ba 830\/MD\/MEC, de 23\/05\/2008, equipara os cursos de forma\u00e7\u00e3o de oficiais das For\u00e7as Armadas aos cursos e programas definidos no inciso II do art. 44 da lei n\u00ba 9.394, de 20\/12\/1996, ou seja, como de bacharelado, todavia, tal portaria n\u00e3o correlaciona os referidos cursos militares aos cursos oferecidos pelas Institui\u00e7\u00f5es de Ensino Superior tanto do Sistema Federal de Ensino, quanto dos Sistemas Estaduais e Municipais.<\/span><\/p>\n<p style=\"margin-bottom: 0px; line-height: 24px; padding-top: 10px; padding-bottom: 10px;\"><\/p>\n\n<\/div>\n<\/section><section class=\"toggle active\" style=\"margin-top: 10px; position: relative; clear: both;\"><label style=\"display: block; max-width: 100%; margin-bottom: 5px; font-weight: 400; transition: all 0.15s ease-out 0s; background: #1e3e76; border-left: 3px solid #1e3e76; border-radius: 5px; color: #ffffff; font-size: 1.3em; min-height: 20px; padding: 12px 20px 12px 10px; position: relative; cursor: pointer; border-right-color: #1e3e76; border-top-color: #1e3e76; border-bottom-color: #1e3e76;\">Estudantes podem se registrar no CRA-PA?<\/label>\n<div class=\"toggle-content\">\n<p style=\"margin-bottom: 0px; line-height: 24px; padding-top: 10px; padding-bottom: 10px;\"><\/p>\n<p style=\"margin-bottom: 0px; line-height: 24px; padding-top: 10px; padding-bottom: 10px;\"><span style=\"font-size: large;\">Sim. A Resolu\u00e7\u00e3o Normativa CFA n\u00ba 474\/2015, disp\u00f5e sobre a emiss\u00e3o de carteira estudantil, com registros em CRAs, para acad\u00eamico matriculado em curso de bacharelado ou tecnologia em Administra\u00e7\u00e3o.<\/span><\/p>\n<p style=\"margin-bottom: 0px; line-height: 24px; padding-top: 10px; padding-bottom: 10px;\"><\/p>\n\n<\/div>\n<\/section><section class=\"toggle active\" style=\"margin-top: 10px; position: relative; clear: both;\"><label style=\"display: block; max-width: 100%; margin-bottom: 5px; font-weight: 400; transition: all 0.15s ease-out 0s; background: #1e3e76; border-left: 3px solid #1e3e76; border-radius: 5px; color: #ffffff; font-size: 1.3em; min-height: 20px; padding: 12px 20px 12px 10px; position: relative; cursor: pointer; border-right-color: #1e3e76; border-top-color: #1e3e76; border-bottom-color: #1e3e76;\">Quais s\u00e3o as modalidades de Registro Profissional de Pessoa F\u00edsica?<\/label>\n<div class=\"toggle-content\">\n<p style=\"margin-bottom: 0px; line-height: 24px; padding-top: 10px; padding-bottom: 10px;\"><\/p>\n<p style=\"margin-bottom: 0px; line-height: 24px; padding-top: 10px; padding-bottom: 10px;\"><span style=\"font-size: large;\"><strong>REGISTRO PROFISSIONAL PRINCIPAL\u00a0<\/strong>&#8211; \u00c9 o concedido pelo CRA da jurisdi\u00e7\u00e3o do domic\u00edlio profissional;<\/span><\/p>\n<p style=\"margin-bottom: 0px; line-height: 24px; padding-top: 10px; padding-bottom: 10px;\"><span style=\"font-size: large;\"><strong>REGISTRO PROFISSIONAL SECUND\u00c1RIO<\/strong>\u00a0&#8211; \u00c9 o concedido por CRA de jurisdi\u00e7\u00e3o diversa daquela onde o profissional possui seu registro principal, para que possa exercer suas atividades em outra(s) jurisdi\u00e7\u00e3o(\u00f5es), sem altera\u00e7\u00e3o do domic\u00edlio profissional;<\/span><\/p>\n<p style=\"margin-bottom: 0px; line-height: 24px; padding-top: 10px; padding-bottom: 10px;\"><span style=\"font-size: large;\"><strong>REGISTRO PROFISSIONAL DE ESTRANGEIRO<\/strong>\u00a0&#8211; \u00c9 o concedido ao profissional estrangeiro que possua Autoriza\u00e7\u00e3o de Trabalho concedida pelo Minist\u00e9rio do Trabalho e Emprego, publicada no D.O.U., cujas atividades profissionais estejam compreendidas nos campos de atua\u00e7\u00e3o privativos do Administrador, previstos no artigo 2\u00b0 da Lei n\u00ba 4.769\/65 e legisla\u00e7\u00e3o conexa.<\/span><\/p>\n<p style=\"margin-bottom: 0px; line-height: 24px; padding-top: 10px; padding-bottom: 10px;\"><span style=\"font-size: large;\"><strong>REGISTRO TRANSFERIDO<\/strong>\u00a0&#8211; A transfer\u00eancia de Registro Profissional, ser\u00e1 requerida ao Presidente do CRA da nova jurisdi\u00e7\u00e3o.<\/span><\/p>\n<p style=\"margin-bottom: 0px; line-height: 24px; padding-top: 10px; padding-bottom: 10px;\"><\/p>\n\n<\/div>\n<\/section><section class=\"toggle active\" style=\"margin-top: 10px; position: relative; clear: both;\"><label style=\"display: block; max-width: 100%; margin-bottom: 5px; font-weight: 400; transition: all 0.15s ease-out 0s; background: #1e3e76; border-left: 3px solid #1e3e76; border-radius: 5px; color: #ffffff; font-size: 1.3em; min-height: 20px; padding: 12px 20px 12px 10px; position: relative; cursor: pointer; border-right-color: #1e3e76; border-top-color: #1e3e76; border-bottom-color: #1e3e76;\">Como posso requerer a valida\u00e7\u00e3o de diploma expedido no exterior?<\/label>\n<div class=\"toggle-content\">\n<p style=\"margin-bottom: 0px; line-height: 24px; padding-top: 10px; padding-bottom: 10px;\"><\/p>\n<p style=\"margin-bottom: 0px; line-height: 24px; padding-top: 10px; padding-bottom: 10px;\"><span style=\"font-size: large;\">No Brasil, a revalida\u00e7\u00e3o de diplomas de ensino superior emitidos no exterior \u00e9 de compet\u00eancia exclusiva das universidades.<\/span><\/p>\n<p style=\"margin-bottom: 0px; line-height: 24px; padding-top: 10px; padding-bottom: 10px;\"><span style=\"font-size: large;\">O processo de revalida\u00e7\u00e3o de diplomas de gradua\u00e7\u00e3o deve ser iniciado no pr\u00f3prio local de origem, ou seja, o aluno que pretende revalidar seu diploma no Brasil, deve primeiramente, entrar com o pedido de autentica\u00e7\u00e3o do documento em Consulado Brasileiro situado em territ\u00f3rio estrangeiro. A partir da\u00ed, o documento autenticado dever\u00e1 ser encaminhado para o Brasil e traduzido por um tradutor p\u00fablico juramentado.<\/span><\/p>\n<p style=\"margin-bottom: 0px; line-height: 24px; padding-top: 10px; padding-bottom: 10px;\"><span style=\"font-size: large;\">Ap\u00f3s ter conclu\u00eddo essas duas primeiras etapas, o aluno deve entrar com o requerimento em uma IES brasileira onde pretende conseguir sua equival\u00eancia.<\/span><\/p>\n<p style=\"margin-bottom: 0px; line-height: 24px; padding-top: 10px; padding-bottom: 10px;\"><span style=\"font-size: large;\">Para dar entrada ao processo, \u00e9 necess\u00e1rio apresentar uma c\u00f3pia do diploma a ser revalidado, hist\u00f3rico escolar do curso e conte\u00fado program\u00e1tico das disciplinas, todos autenticados pela autoridade consular. Outros documentos podem ser pedidos de acordo com cada institui\u00e7\u00e3o.\nA comiss\u00e3o designada para avaliar o diploma estrangeiro poder\u00e1 pedir estudos complementares, se na compara\u00e7\u00e3o dos t\u00edtulos, exames e provas ficar comprovado o n\u00e3o preenchimento das condi\u00e7\u00f5es m\u00ednimas.<\/span><\/p>\n<p style=\"margin-bottom: 0px; line-height: 24px; padding-top: 10px; padding-bottom: 10px;\"><\/p>\n\n<\/div>\n<\/section><section class=\"toggle active\" style=\"margin-top: 10px; position: relative; clear: both;\"><label style=\"display: block; max-width: 100%; margin-bottom: 5px; font-weight: 400; transition: all 0.15s ease-out 0s; background: #1e3e76; border-left: 3px solid #1e3e76; border-radius: 5px; color: #ffffff; font-size: 1.3em; min-height: 20px; padding: 12px 20px 12px 10px; position: relative; cursor: pointer; border-right-color: #1e3e76; border-top-color: #1e3e76; border-bottom-color: #1e3e76;\">O que devo fazer quanto a minha carteira profissional estiver vencendo ou j\u00e1 vencida?<\/label>\n<div class=\"toggle-content\">\n<p style=\"margin-bottom: 0px; line-height: 24px; padding-top: 10px; padding-bottom: 10px;\"><\/p>\n<p style=\"margin-bottom: 0px; line-height: 24px; padding-top: 10px; padding-bottom: 10px;\"><span style=\"font-size: large;\">Quem possui registro com base no certificado de conclus\u00e3o, cuja carteira tem validade definida, dever\u00e1 providenciar sua regulariza\u00e7\u00e3o para continuar exercendo legalmente a profiss\u00e3o e n\u00e3o perder seus direitos. Nesse caso, \u00e9 obriga\u00e7\u00e3o do profissional providenciar o seu diploma e apresent\u00e1-lo ao CRA-PA para a regulariza\u00e7\u00e3o do registro, desde que atendidos todos os procedimentos necess\u00e1rios.<\/span><\/p>\n<p style=\"margin-bottom: 0px; line-height: 24px; padding-top: 10px; padding-bottom: 10px;\"><\/p>\n\n<\/div>\n<\/section><section class=\"toggle active\" style=\"margin-top: 10px; position: relative; clear: both;\"><label style=\"display: block; max-width: 100%; margin-bottom: 5px; font-weight: 400; transition: all 0.15s ease-out 0s; background: #1e3e76; border-left: 3px solid #1e3e76; border-radius: 5px; color: #ffffff; font-size: 1.3em; min-height: 20px; padding: 12px 20px 12px 10px; position: relative; cursor: pointer; border-right-color: #1e3e76; border-top-color: #1e3e76; border-bottom-color: #1e3e76;\">Quanto a carteira vence se renova automaticamente?<\/label>\n<div class=\"toggle-content\">\n<p style=\"margin-bottom: 0px; line-height: 24px; padding-top: 10px; padding-bottom: 10px;\"><\/p>\n<p style=\"margin-bottom: 0px; line-height: 24px; padding-top: 10px; padding-bottom: 10px;\"><span style=\"font-size: large;\">N\u00e3o. Durante o per\u00edodo de validade da Carteira de Identidade Profissional, se n\u00e3o for feita a regulariza\u00e7\u00e3o, o registro continua em vig\u00eancia, por\u00e9m, com validade vencida, n\u00e3o permitindo ao profissional exercer seus direitos, como, por exemplo, requerer uma Certid\u00e3o de Regularidade. Nesse caso, deve ser providenciada a regulariza\u00e7\u00e3o do registro com a apresenta\u00e7\u00e3o do diploma. Veja: Regulariza\u00e7\u00e3o de Registro.<\/span><\/p>\n<p style=\"margin-bottom: 0px; line-height: 24px; padding-top: 10px; padding-bottom: 10px;\"><\/p>\n\n<\/div>\n<\/section><section class=\"toggle active\" style=\"margin-top: 10px; position: relative; clear: both;\"><label style=\"display: block; max-width: 100%; margin-bottom: 5px; font-weight: 400; transition: all 0.15s ease-out 0s; background: #1e3e76; border-left: 3px solid #1e3e76; border-radius: 5px; color: #ffffff; font-size: 1.3em; min-height: 20px; padding: 12px 20px 12px 10px; position: relative; cursor: pointer; border-right-color: #1e3e76; border-top-color: #1e3e76; border-bottom-color: #1e3e76;\">\u00c9 obrigat\u00f3ria a atualiza\u00e7\u00e3o dos dados cadastrais do profissional no Conselho em que est\u00e1 inscrito\/registrado?<\/label>\n<div class=\"toggle-content\">\n<p style=\"margin-bottom: 0px; line-height: 24px; padding-top: 10px; padding-bottom: 10px;\"><\/p>\n<p style=\"margin-bottom: 0px; line-height: 24px; padding-top: 10px; padding-bottom: 10px;\"><span style=\"font-size: large;\">Sim. A atualiza\u00e7\u00e3o dos dados do profissional no CRA em que ele \u00e9 inscrito\/registrado \u00e9 obrigat\u00f3ria. Deve ser feita sempre que houver mudan\u00e7a de endere\u00e7o para evitar quaisquer tipos de constrangimentos, al\u00e9m de garantir o recebimento de comunicados, correspond\u00eancias e, principalmente dos boletos em tempo h\u00e1bil para pagamento, no seu endere\u00e7o residencial ou de e-mail.<\/span><\/p>\n<p style=\"margin-bottom: 0px; line-height: 24px; padding-top: 10px; padding-bottom: 10px;\"><\/p>\n\n<\/div>\n<\/section><section class=\"toggle active\" style=\"margin-top: 10px; position: relative; clear: both;\"><label style=\"display: block; max-width: 100%; margin-bottom: 5px; font-weight: 400; transition: all 0.15s ease-out 0s; background: #1e3e76; border-left: 3px solid #1e3e76; border-radius: 5px; color: #ffffff; font-size: 1.3em; min-height: 20px; padding: 12px 20px 12px 10px; position: relative; cursor: pointer; border-right-color: #1e3e76; border-top-color: #1e3e76; border-bottom-color: #1e3e76;\">Como proceder para atualizar os dados cadastrais?<\/label>\n<div class=\"toggle-content\">\n<p style=\"margin-bottom: 0px; line-height: 24px; padding-top: 10px; padding-bottom: 10px;\"><\/p>\n<p style=\"margin-bottom: 0px; line-height: 24px; padding-top: 10px; padding-bottom: 10px;\"><span style=\"font-size: large;\">Em se tratando de altera\u00e7\u00e3o nos endere\u00e7os residencial ou profissional, basta encaminhar ao CRA atrav\u00e9s de e-mail ou acessando o atendimento digital no website do Conselho.<\/span><\/p>\n<p style=\"margin-bottom: 0px; line-height: 24px; padding-top: 10px; padding-bottom: 10px;\"><\/p>\n\n<\/div>\n<\/section><section class=\"toggle active\" style=\"margin-top: 10px; position: relative; clear: both;\"><label style=\"display: block; max-width: 100%; margin-bottom: 5px; font-weight: 400; transition: all 0.15s ease-out 0s; background: #1e3e76; border-left: 3px solid #1e3e76; border-radius: 5px; color: #ffffff; font-size: 1.3em; min-height: 20px; padding: 12px 20px 12px 10px; position: relative; cursor: pointer; border-right-color: #1e3e76; border-top-color: #1e3e76; border-bottom-color: #1e3e76;\">Como saber se um profissional ou empresa \u00e9 inscrito no Conselho?<\/label>\n<div class=\"toggle-content\">\n<p style=\"margin-bottom: 0px; line-height: 24px; padding-top: 10px; padding-bottom: 10px;\"><\/p>\n<p style=\"margin-bottom: 0px; line-height: 24px; padding-top: 10px; padding-bottom: 10px;\"><span style=\"font-size: large;\">A consulta pode ser realizada atrav\u00e9s no portal do CFA, link:\u00a0<strong><a style=\"color: #1e3e76; outline-style: none !important; outline-width: initial !important;\" href=\"http:\/\/www.cfa.org.br\/servicos\/cadastro-nacional-1\" target=\"_blank\" rel=\"noopener\">http:\/\/www.cfa.org.br\/servicos\/cadastro-nacional-1<\/a><\/strong>. \u00c9 necess\u00e1rio ter o nome completo do profissional ou a raz\u00e3o social da empresa ou CPF ou CNPJ.<\/span><\/p>\n<p style=\"margin-bottom: 0px; line-height: 24px; padding-top: 10px; padding-bottom: 10px;\"><span style=\"font-size: large;\">O Cadastro Nacional \u00e9 um banco de dados que cont\u00e9m informa\u00e7\u00f5es b\u00e1sicas sobre os profissionais de Administra\u00e7\u00e3o registrados em todo o pa\u00eds nos Conselhos Regionais de Administra\u00e7\u00e3o.<\/span><\/p>\n\n<\/div>\n<\/section><\/div>\n<\/div><\/div>\n\t\t\t\t\t\t\t\t\t<div class=\"elementor-tab-title elementor-tab-mobile-title\" aria-selected=\"false\" data-tab=\"4\" role=\"tab\" tabindex=\"-1\" aria-controls=\"elementor-tab-content-5234\" aria-expanded=\"false\">ANUIDADE<\/div>\n\t\t\t\t\t<div id=\"elementor-tab-content-5234\" class=\"elementor-tab-content elementor-clearfix\" data-tab=\"4\" role=\"tabpanel\" aria-labelledby=\"elementor-tab-title-5234\" tabindex=\"0\" hidden=\"hidden\"><div class=\"col-md-12\" style=\"position: relative; min-height: 1px; padding-right: 15px; padding-left: 15px; float: left; width: 870px; color: #777777; font-family: 'Open Sans', Arial, sans-serif; font-size: 14px; font-style: normal; font-variant-ligatures: normal; font-variant-caps: normal; font-weight: 400;\">\n<h1 class=\"short word-rotator-title\" style=\"margin-bottom: 15px; font-size: 2.6em; font-weight: 200; line-height: 44px; color: #0e0e0e; letter-spacing: -1px;\">Sobre Anuidade<\/h1>\n<\/div>\n<div class=\"col-md-12\" style=\"position: relative; min-height: 1px; padding-right: 15px; padding-left: 15px; float: left; width: 870px; color: #777777; font-family: 'Open Sans', Arial, sans-serif; font-size: 14px; font-style: normal; font-variant-ligatures: normal; font-variant-caps: normal; font-weight: 400;\">\n<div class=\"toggle\" style=\"margin-top: 10px; position: relative; clear: both;\" data-plugin-toggle=\"\"><section class=\"toggle active\" style=\"margin-top: 10px; position: relative; clear: both;\"><label style=\"display: block; max-width: 100%; margin-bottom: 5px; font-weight: 400; transition: all 0.15s ease-out 0s; background: #1e3e76; border-left: 3px solid #1e3e76; border-radius: 5px; color: #ffffff; font-size: 1.3em; min-height: 20px; padding: 12px 20px 12px 10px; position: relative; cursor: pointer; border-right-color: #1e3e76; border-top-color: #1e3e76; border-bottom-color: #1e3e76;\">O Pagamento da Unidade \u00e9 obrigat\u00f3rio? Para que serve?<\/label>\n<div class=\"toggle-content\">\n<p style=\"margin-bottom: 0px; line-height: 24px; padding-top: 10px; padding-bottom: 10px;\"><\/p>\n<p style=\"margin-bottom: 0px; line-height: 24px; padding-top: 10px; padding-bottom: 10px;\"><span style=\"font-size: large;\">Sim. Este recurso \u00e9 usado para a\u00e7\u00f5es de fiscaliza\u00e7\u00e3o que mant\u00e9m a \u00e9tica do exerc\u00edcio profissional. Est\u00e1 prevista em Lei e o n\u00e3o pagamento desabilita o profissional ao exerc\u00edcio da profiss\u00e3o.<\/span><\/p>\n<p style=\"margin-bottom: 0px; line-height: 24px; padding-top: 10px; padding-bottom: 10px;\"><\/p>\n\n<\/div>\n<\/section><section class=\"toggle active\" style=\"margin-top: 10px; position: relative; clear: both;\"><label style=\"display: block; max-width: 100%; margin-bottom: 5px; font-weight: 400; transition: all 0.15s ease-out 0s; background: #1e3e76; border-left: 3px solid #1e3e76; border-radius: 5px; color: #ffffff; font-size: 1.3em; min-height: 20px; padding: 12px 20px 12px 10px; position: relative; cursor: pointer; border-right-color: #1e3e76; border-top-color: #1e3e76; border-bottom-color: #1e3e76;\">Qual a data de vencimento da Anuidade?<\/label>\n<div class=\"toggle-content\">\n<p style=\"margin-bottom: 0px; line-height: 24px; padding-top: 10px; padding-bottom: 10px;\"><\/p>\n<p style=\"margin-bottom: 0px; line-height: 24px; padding-top: 10px; padding-bottom: 10px;\"><span style=\"font-size: large;\">As anuidades vencem em 31 de mar\u00e7o de cada ano. No entanto, o boleto \u00e9 enviado na primeira quinzena de janeiro.<\/span><\/p>\n<p style=\"margin-bottom: 0px; line-height: 24px; padding-top: 10px; padding-bottom: 10px;\"><span style=\"font-size: large;\">Caso o profissional n\u00e3o receba o boleto em janeiro, dever\u00e1 entrar em contato com o CRA-PA pelo e-mail cra@cra-pa.com.br ou pelo telefone (91) 3202-7889. O boleto tamb\u00e9m est\u00e1 dispon\u00edvel no site do Conselho, link atendimento digital.<\/span><\/p>\n<p style=\"margin-bottom: 0px; line-height: 24px; padding-top: 10px; padding-bottom: 10px;\"><\/p>\n\n<\/div>\n<\/section><section class=\"toggle active\" style=\"margin-top: 10px; position: relative; clear: both;\"><label style=\"display: block; max-width: 100%; margin-bottom: 5px; font-weight: 400; transition: all 0.15s ease-out 0s; background: #1e3e76; border-left: 3px solid #1e3e76; border-radius: 5px; color: #ffffff; font-size: 1.3em; min-height: 20px; padding: 12px 20px 12px 10px; position: relative; cursor: pointer; border-right-color: #1e3e76; border-top-color: #1e3e76; border-bottom-color: #1e3e76;\">Se eu deixar de pagar as anuidades sou automaticamente exclu\u00eddo do cadastro?<\/label>\n<div class=\"toggle-content\">\n<p style=\"margin-bottom: 0px; line-height: 24px; padding-top: 10px; padding-bottom: 10px;\"><\/p>\n<p style=\"margin-bottom: 0px; line-height: 24px; padding-top: 10px; padding-bottom: 10px;\"><span style=\"font-size: large;\">N\u00e3o. O n\u00e3o pagamento das anuidades devidas n\u00e3o implica o cancelamento do registro ou exclus\u00e3o autom\u00e1tica do cadastro. O registro somente \u00e9 cancelado mediante solicita\u00e7\u00e3o do profissional, desde que se enquadre nos requisitos necess\u00e1rios. Portanto, o n\u00e3o pagamento das anuidades acarreta em ac\u00famulo das mesmas, que v\u00e3o sofrendo corre\u00e7\u00e3o mensal e, de acordo com a legisla\u00e7\u00e3o vigente, s\u00e3o inscritas na d\u00edvida ativa.<\/span><\/p>\n<p style=\"margin-bottom: 0px; line-height: 24px; padding-top: 10px; padding-bottom: 10px;\"><\/p>\n\n<\/div>\n<\/section><section class=\"toggle active\" style=\"margin-top: 10px; position: relative; clear: both;\"><label style=\"display: block; max-width: 100%; margin-bottom: 5px; font-weight: 400; transition: all 0.15s ease-out 0s; background: #1e3e76; border-left: 3px solid #1e3e76; border-radius: 5px; color: #ffffff; font-size: 1.3em; min-height: 20px; padding: 12px 20px 12px 10px; position: relative; cursor: pointer; border-right-color: #1e3e76; border-top-color: #1e3e76; border-bottom-color: #1e3e76;\">Como efetuo o pagamento em atraso?<\/label>\n<div class=\"toggle-content\">\n<p style=\"margin-bottom: 0px; line-height: 24px; padding-top: 10px; padding-bottom: 10px;\"><\/p>\n<p style=\"margin-bottom: 0px; line-height: 24px; padding-top: 10px; padding-bottom: 10px;\"><span style=\"font-size: large;\">O profissional em atraso deve contatar nosso Setor de Atendimento via e-mail, telefone ou pessoalmente e negociar sua d\u00edvida, que pode ser parcelada. Caso n\u00e3o fa\u00e7a o pagamento, o profissional torna-se inadimplente junto ao Conselho e sua d\u00edvida passa a acumular multa e juros referentes ao per\u00edodo que perdurar o atraso.<\/span><\/p>\n<p style=\"margin-bottom: 0px; line-height: 24px; padding-top: 10px; padding-bottom: 10px;\"><\/p>\n\n<\/div>\n<\/section><section class=\"toggle active\" style=\"margin-top: 10px; position: relative; clear: both;\"><label style=\"display: block; max-width: 100%; margin-bottom: 5px; font-weight: 400; transition: all 0.15s ease-out 0s; background: #1e3e76; border-left: 3px solid #1e3e76; border-radius: 5px; color: #ffffff; font-size: 1.3em; min-height: 20px; padding: 12px 20px 12px 10px; position: relative; cursor: pointer; border-right-color: #1e3e76; border-top-color: #1e3e76; border-bottom-color: #1e3e76;\">Quais as consequ\u00eancias do n\u00e3o pagamento da anuidade do CRA-PA?<\/label>\n<div class=\"toggle-content\">\n<p style=\"margin-bottom: 0px; line-height: 24px; padding-top: 10px; padding-bottom: 10px;\"><\/p>\n<p style=\"margin-bottom: 0px; line-height: 24px; padding-top: 10px; padding-bottom: 10px;\"><span style=\"font-size: large;\">Como as anuidades s\u00e3o consideradas tributos, o n\u00e3o pagamento ocasionar\u00e1 a inscri\u00e7\u00e3o do d\u00e9bito em d\u00edvida ativa administrativa e, posteriormente, a execu\u00e7\u00e3o judicial.<\/span><\/p>\n<p style=\"margin-bottom: 0px; line-height: 24px; padding-top: 10px; padding-bottom: 10px;\"><\/p>\n\n<\/div>\n<\/section><section class=\"toggle active\" style=\"margin-top: 10px; position: relative; clear: both;\"><label style=\"display: block; max-width: 100%; margin-bottom: 5px; font-weight: 400; transition: all 0.15s ease-out 0s; background: #1e3e76; border-left: 3px solid #1e3e76; border-radius: 5px; color: #ffffff; font-size: 1.3em; min-height: 20px; padding: 12px 20px 12px 10px; position: relative; cursor: pointer; border-right-color: #1e3e76; border-top-color: #1e3e76; border-bottom-color: #1e3e76;\">Onde \u00e9 empregado o dinheiro das anuidades e multas aplicadas?<\/label>\n<div class=\"toggle-content\">\n<p style=\"margin-bottom: 0px; line-height: 24px; padding-top: 10px; padding-bottom: 10px;\"><\/p>\n<p style=\"margin-bottom: 0px; line-height: 24px; padding-top: 10px; padding-bottom: 10px;\"><span style=\"font-size: large;\">O valor da anuidade \u00e9 aplicado na principal atividade do conselho que \u00e9 a de promover a fiscaliza\u00e7\u00e3o da profiss\u00e3o e tamb\u00e9m no desenvolvimento dos profissionais, com cursos, palestras, apoiando atividades junto aos estudantes de administra\u00e7\u00e3o e tecn\u00f3logos, como tamb\u00e9m na manuten\u00e7\u00e3o da sede administrativa, em rela\u00e7\u00e3o ao valor da anuidade ou qualquer outra forma de arrecada\u00e7\u00e3o, o CRA destina 20% do recebido ao CFA.<\/span><\/p>\n\n<\/div>\n<\/section><\/div>\n<\/div><\/div>\n\t\t\t\t\t\t\t\t\t<div class=\"elementor-tab-title elementor-tab-mobile-title\" aria-selected=\"false\" data-tab=\"5\" role=\"tab\" tabindex=\"-1\" aria-controls=\"elementor-tab-content-5235\" aria-expanded=\"false\">CANCELAMENTO<\/div>\n\t\t\t\t\t<div id=\"elementor-tab-content-5235\" class=\"elementor-tab-content elementor-clearfix\" data-tab=\"5\" role=\"tabpanel\" aria-labelledby=\"elementor-tab-title-5235\" tabindex=\"0\" hidden=\"hidden\"><div class=\"col-md-12\" style=\"position: relative; min-height: 1px; padding-right: 15px; padding-left: 15px; float: left; width: 870px; color: #777777; font-family: 'Open Sans', Arial, sans-serif; font-size: 14px; font-style: normal; font-variant-ligatures: normal; font-variant-caps: normal; font-weight: 400;\">\n<h1 class=\"short word-rotator-title\" style=\"margin-bottom: 15px; font-size: 2.6em; font-weight: 200; line-height: 44px; color: #0e0e0e; letter-spacing: -1px;\">Sobre Cancelamento de Registro<\/h1>\n<\/div>\n<div class=\"col-md-12\" style=\"position: relative; min-height: 1px; padding-right: 15px; padding-left: 15px; float: left; width: 870px; color: #777777; font-family: 'Open Sans', Arial, sans-serif; font-size: 14px; font-style: normal; font-variant-ligatures: normal; font-variant-caps: normal; font-weight: 400;\">\n<div class=\"toggle\" style=\"margin-top: 10px; position: relative; clear: both;\" data-plugin-toggle=\"\"><section class=\"toggle active\" style=\"margin-top: 10px; position: relative; clear: both;\"><label style=\"display: block; max-width: 100%; margin-bottom: 5px; font-weight: 400; transition: all 0.15s ease-out 0s; background: #1e3e76; border-left: 3px solid #1e3e76; border-radius: 5px; color: #ffffff; font-size: 1.3em; min-height: 20px; padding: 12px 20px 12px 10px; position: relative; cursor: pointer; border-right-color: #1e3e76; border-top-color: #1e3e76; border-bottom-color: #1e3e76;\">O que e o cancelamento do Registro?<\/label>\n<div class=\"toggle-content\">\n<p style=\"margin-bottom: 0px; line-height: 24px; padding-top: 10px; padding-bottom: 10px;\"><\/p>\n<p style=\"margin-bottom: 0px; line-height: 24px; padding-top: 10px; padding-bottom: 10px;\"><span style=\"font-size: large;\">Os Profissionais que n\u00e3o estiverem exercendo as atividades na \u00e1rea da Administra\u00e7\u00e3o possuem o direito de solicitar o cancelamento da habilita\u00e7\u00e3o ao exerc\u00edcio da profiss\u00e3o. Ap\u00f3s aprecia\u00e7\u00e3o da Sess\u00e3o Plen\u00e1ria do CRA-PA, o cancelamento poder\u00e1 ser concedido ao profissional nos casos de cessa\u00e7\u00e3o definitiva do exerc\u00edcio profissional. Caso volte a atuar na \u00e1rea da Administra\u00e7\u00e3o, o registro dever\u00e1 ser novamente requerido.<\/span><\/p>\n<p style=\"margin-bottom: 0px; line-height: 24px; padding-top: 10px; padding-bottom: 10px;\"><\/p>\n\n<\/div>\n<\/section><section class=\"toggle active\" style=\"margin-top: 10px; position: relative; clear: both;\"><label style=\"display: block; max-width: 100%; margin-bottom: 5px; font-weight: 400; transition: all 0.15s ease-out 0s; background: #1e3e76; border-left: 3px solid #1e3e76; border-radius: 5px; color: #ffffff; font-size: 1.3em; min-height: 20px; padding: 12px 20px 12px 10px; position: relative; cursor: pointer; border-right-color: #1e3e76; border-top-color: #1e3e76; border-bottom-color: #1e3e76;\">Como requerer o cancelamento?<\/label>\n<div class=\"toggle-content\">\n<p style=\"margin-bottom: 0px; line-height: 24px; padding-top: 10px; padding-bottom: 10px;\"><\/p>\n<p style=\"margin-bottom: 0px; line-height: 24px; padding-top: 10px; padding-bottom: 10px;\"><span style=\"font-size: large;\">O cancelamento de Registro Profissional Principal ou Secund\u00e1rio, a ser analisado pelo Plen\u00e1rio do CRA, poder\u00e1 ser concedido nos casos cessa\u00e7\u00e3o do exerc\u00edcio profissional, mediante requerimento endere\u00e7ado ao Presidente do CRA, instru\u00eddo com os documentos comprobat\u00f3rios da atividade profissional exercida no momento, que poder\u00e1 ser:<\/span><\/p>\n\n<ul style=\"margin-top: 0px; margin-bottom: 10px;\">\n \t<li style=\"line-height: 24px;\"><span style=\"font-size: large;\">C\u00f3pia da CTPS, contendo a identifica\u00e7\u00e3o do profissional e das p\u00e1ginas dos contratos de trabalho e a \u00faltima em branco, ou ato de exonera\u00e7\u00e3o no Servi\u00e7o P\u00fablico, ou declara\u00e7\u00e3o de que n\u00e3o os possui;<\/span><\/li>\n \t<li style=\"line-height: 24px;\"><span style=\"font-size: large;\">C\u00f3pia do comprovante de aposentadoria;<\/span><\/li>\n \t<li style=\"line-height: 24px;\"><span style=\"font-size: large;\">Declara\u00e7\u00e3o do empregador, emitida com identifica\u00e7\u00e3o do assinante, constando a denomina\u00e7\u00e3o do cargo\/fun\u00e7\u00e3o, bem como a descri\u00e7\u00e3o detalhada das atividades atualmente desenvolvidas;<\/span><\/li>\n \t<li style=\"line-height: 24px;\"><span style=\"font-size: large;\">Sendo Empres\u00e1rio juntar fotoc\u00f3pia do Cadastro Nacional de Pessoa Jur\u00eddica &#8211; CNPJ da empresa, uma c\u00f3pia simples do contrato social da empresa e fotoc\u00f3pias de sua carteira de trabalho.<\/span><\/li>\n<\/ul>\n<p style=\"margin-bottom: 0px; line-height: 24px; padding-top: 10px; padding-bottom: 10px;\"><span style=\"font-size: large;\"><strong>Dever\u00e1 ser juntado ainda:<\/strong><\/span><\/p>\n\n<ul style=\"margin-top: 0px; margin-bottom: 10px;\">\n \t<li style=\"line-height: 24px;\"><span style=\"font-size: large;\">Declara\u00e7\u00e3o de inteira responsabilidade assinada pelo requerente, sob as penas da lei, de que n\u00e3o mais exercer\u00e1 a profiss\u00e3o de Administrador ou desempenhar\u00e1 atividades em determinada \u00e1rea da Administra\u00e7\u00e3o, enquanto estiver com o registro cancelado;<\/span><\/li>\n \t<li style=\"line-height: 24px;\"><span style=\"font-size: large;\">Comprovante de recolhimento da taxa de cancelamento de registro profissional;<\/span><\/li>\n \t<li style=\"line-height: 24px;\"><span style=\"font-size: large;\">Devolu\u00e7\u00e3o da Carteira de Identidade Profissional ou em caso de extravio, o correspondente Boletim de Ocorr\u00eancia.<\/span><\/li>\n<\/ul>\n<p style=\"margin-bottom: 0px; line-height: 24px; padding-top: 10px; padding-bottom: 10px;\"><\/p>\n\n<\/div>\n<\/section><section class=\"toggle active\" style=\"margin-top: 10px; position: relative; clear: both;\"><label style=\"display: block; max-width: 100%; margin-bottom: 5px; font-weight: 400; transition: all 0.15s ease-out 0s; background: #1e3e76; border-left: 3px solid #1e3e76; border-radius: 5px; color: #ffffff; font-size: 1.3em; min-height: 20px; padding: 12px 20px 12px 10px; position: relative; cursor: pointer; border-right-color: #1e3e76; border-top-color: #1e3e76; border-bottom-color: #1e3e76;\">Posso atuar na \u00e1rea depois de solicitado o cancelamento do registro?<\/label>\n<div class=\"toggle-content\">\n<p style=\"margin-bottom: 0px; line-height: 24px; padding-top: 10px; padding-bottom: 10px;\"><\/p>\n<p style=\"margin-bottom: 0px; line-height: 24px; padding-top: 10px; padding-bottom: 10px;\"><span style=\"font-size: large;\">Ao solicitar o cancelamento do registro, o profissional deve estar ciente de que n\u00e3o poder\u00e1 exercer as atividades da \u00e1rea da Administra\u00e7\u00e3o e, caso o fa\u00e7a, estar\u00e1 exercendo ilegalmente a profiss\u00e3o, podendo ser autuado. Ao voltar a exercer as atividades, o profissional dever\u00e1 requerer um novo registro.<\/span><\/p>\n<p style=\"margin-bottom: 0px; line-height: 24px; padding-top: 10px; padding-bottom: 10px;\"><\/p>\n\n<\/div>\n<\/section><section class=\"toggle active\" style=\"margin-top: 10px; position: relative; clear: both;\"><label style=\"display: block; max-width: 100%; margin-bottom: 5px; font-weight: 400; transition: all 0.15s ease-out 0s; background: #1e3e76; border-left: 3px solid #1e3e76; border-radius: 5px; color: #ffffff; font-size: 1.3em; min-height: 20px; padding: 12px 20px 12px 10px; position: relative; cursor: pointer; border-right-color: #1e3e76; border-top-color: #1e3e76; border-bottom-color: #1e3e76;\">N\u00e3o estou exercendo a profiss\u00e3o, mesmo assim sou obrigado a pagar anuidade? Como fa\u00e7o para interromper a cobran\u00e7a da anuidade?<\/label>\n<div class=\"toggle-content\">\n<p style=\"margin-bottom: 0px; line-height: 24px; padding-top: 10px; padding-bottom: 10px;\"><\/p>\n<p style=\"margin-bottom: 0px; line-height: 24px; padding-top: 10px; padding-bottom: 10px;\"><span style=\"font-size: large;\">O profissional que n\u00e3o est\u00e1 exercendo a profiss\u00e3o e quer interromper a cobran\u00e7a de sua anuidade precisa solicitar a baixa de sua inscri\u00e7\u00e3o.<\/span><\/p>\n<p style=\"margin-bottom: 0px; line-height: 24px; padding-top: 10px; padding-bottom: 10px;\"><span style=\"font-size: large;\">O fato de o profissional simplesmente deixar de efetuar o pagamento da anuidade n\u00e3o interrompe a emiss\u00e3o de nova anuidade nem seu registro no CRA-PA.<\/span><\/p>\n\n<\/div>\n<\/section><\/div>\n<\/div><\/div>\n\t\t\t\t\t\t\t\t\t<div class=\"elementor-tab-title elementor-tab-mobile-title\" aria-selected=\"false\" data-tab=\"6\" role=\"tab\" tabindex=\"-1\" aria-controls=\"elementor-tab-content-5236\" aria-expanded=\"false\">ACERVO T\u00c9CNICO<\/div>\n\t\t\t\t\t<div id=\"elementor-tab-content-5236\" class=\"elementor-tab-content elementor-clearfix\" data-tab=\"6\" role=\"tabpanel\" aria-labelledby=\"elementor-tab-title-5236\" tabindex=\"0\" hidden=\"hidden\"><div class=\"col-md-12\" style=\"position: relative; min-height: 1px; padding-right: 15px; padding-left: 15px; float: left; width: 870px; color: #777777; font-family: 'Open Sans', Arial, sans-serif; font-size: 14px; font-style: normal; font-variant-ligatures: normal; font-variant-caps: normal; font-weight: 400;\">\n<h1 class=\"short word-rotator-title\" style=\"margin-bottom: 15px; font-size: 2.6em; font-weight: 200; line-height: 44px; color: #0e0e0e; letter-spacing: -1px;\">Sobre Acervo T\u00e9cnico<\/h1>\n<\/div>\n<div class=\"col-md-12\" style=\"position: relative; min-height: 1px; padding-right: 15px; padding-left: 15px; float: left; width: 870px; color: #777777; font-family: 'Open Sans', Arial, sans-serif; font-size: 14px; font-style: normal; font-variant-ligatures: normal; font-variant-caps: normal; font-weight: 400;\">\n<div class=\"toggle\" style=\"margin-top: 10px; position: relative; clear: both;\" data-plugin-toggle=\"\"><section class=\"toggle active\" style=\"margin-top: 10px; position: relative; clear: both;\"><label style=\"display: block; max-width: 100%; margin-bottom: 5px; font-weight: 400; transition: all 0.15s ease-out 0s; background: #1e3e76; border-left: 3px solid #1e3e76; border-radius: 5px; color: #ffffff; font-size: 1.3em; min-height: 20px; padding: 12px 20px 12px 10px; position: relative; cursor: pointer; border-right-color: #1e3e76; border-top-color: #1e3e76; border-bottom-color: #1e3e76;\">O que \u00e9 o Atestado de Capacidade T\u00e9cnica?<\/label>\n<div class=\"toggle-content\">\n<p style=\"margin-bottom: 0px; line-height: 24px; padding-top: 10px; padding-bottom: 10px;\"><\/p>\n<p style=\"margin-bottom: 0px; line-height: 24px; padding-top: 10px; padding-bottom: 10px;\"><span style=\"font-size: large;\">\u00c9 a Comprova\u00e7\u00e3o de Aptid\u00e3o para o desempenho das atividades de administra\u00e7\u00e3o, inerente \u00e0s pessoas f\u00edsicas ou jur\u00eddicas, regulamentada por Resolu\u00e7\u00e3o Normativa do CFA.<\/span><\/p>\n<p style=\"margin-bottom: 0px; line-height: 24px; padding-top: 10px; padding-bottom: 10px;\"><span style=\"font-size: large;\">As pessoas f\u00edsicas ou jur\u00eddicas devem registrar no CRA-PA os atestados ou declara\u00e7\u00f5es, fornecidos por pessoas jur\u00eddicas de direito p\u00fablico ou privado, comprobat\u00f3rios da presta\u00e7\u00e3o de servi\u00e7os nos seus campos privativos, conforme previsto na al\u00ednea &#8220;b&#8221; do art. 2\u00ba da Lei n\u00ba 4769\/65.<\/span><\/p>\n<p style=\"margin-bottom: 0px; line-height: 24px; padding-top: 10px; padding-bottom: 10px;\"><span style=\"font-size: large;\">Pessoas Jur\u00eddicas que eventualmente participem de licita\u00e7\u00f5es devem cumprir esta exig\u00eancia legal para obter o registro das declara\u00e7\u00f5es e\/ou atestados obtendo, assim, a Certid\u00e3o de RCA expedida pelo CRA-PA.<\/span><\/p>\n<p style=\"margin-bottom: 0px; line-height: 24px; padding-top: 10px; padding-bottom: 10px;\"><\/p>\n<p style=\"margin-bottom: 0px; line-height: 24px; padding-top: 10px; padding-bottom: 10px;\"><\/p>\n\n<\/div>\n<\/section><section class=\"toggle active\" style=\"margin-top: 10px; position: relative; clear: both;\"><label style=\"display: block; max-width: 100%; margin-bottom: 5px; font-weight: 400; transition: all 0.15s ease-out 0s; background: #1e3e76; border-left: 3px solid #1e3e76; border-radius: 5px; color: #ffffff; font-size: 1.3em; min-height: 20px; padding: 12px 20px 12px 10px; position: relative; cursor: pointer; border-right-color: #1e3e76; border-top-color: #1e3e76; border-bottom-color: #1e3e76;\">O que \u00e9 Certid\u00e3o de RCA?<\/label>\n<div class=\"toggle-content\">\n<p style=\"margin-bottom: 0px; line-height: 24px; padding-top: 10px; padding-bottom: 10px;\"><\/p>\n<p style=\"margin-bottom: 0px; line-height: 24px; padding-top: 10px; padding-bottom: 10px;\"><span style=\"font-size: large;\">\u00c9 a Certid\u00e3o que atesta a presta\u00e7\u00e3o de servi\u00e7o descrita no Atestado de Capacidade T\u00e9cnica emitido pela empresa que recebeu o referido servi\u00e7o. O Atestado de Capacidade T\u00e9cnica deve estar registrado no CRA-PA e somente ter\u00e1 validade acompanhado da referida certid\u00e3o.<\/span><\/p>\n\n<\/div>\n<\/section><\/div>\n<\/div><\/div>\n\t\t\t\t\t\t\t<\/div>\n\t\t<\/div>\n\t\t\t\t<\/div>\n\t\t\t\t<\/div>\n\t\t\t\t\t\t<\/div>\n\t\t\t\t\t<\/div>\n\t\t<\/div>\n\t\t\t\t\t\t\t\t<\/div>\n\t\t\t\t\t<\/div>\n\t\t<\/section>\n\t\t\t\t\t\t\t\t\t<\/div>\n\t\t\t<\/div>\n\t\t\t\t\t<\/div>\n\t\t","protected":false},"excerpt":{"rendered":"<p>CRA e PROFISS\u00c3O FISCALIZA\u00c7\u00c3O REGISTRO ANUIDADE CANCELAMENTO ACERVO T\u00c9CNICO CRA e PROFISS\u00c3O Sobre CRA e a Profiss\u00e3o O que \u00e9 o CRA? O Conselho Regional de Administra\u00e7\u00e3o do Par\u00e1, autarquia [&hellip;]<\/p>\n","protected":false},"author":25,"featured_media":0,"parent":0,"menu_order":0,"comment_status":"closed","ping_status":"closed","template":"","meta":{"footnotes":"","_links_to":"","_links_to_target":""},"class_list":["post-62398","page","type-page","status-publish","hentry","entry"],"_links":{"self":[{"href":"https:\/\/crapa.org.br\/index.php?rest_route=\/wp\/v2\/pages\/62398","targetHints":{"allow":["GET"]}}],"collection":[{"href":"https:\/\/crapa.org.br\/index.php?rest_route=\/wp\/v2\/pages"}],"about":[{"href":"https:\/\/crapa.org.br\/index.php?rest_route=\/wp\/v2\/types\/page"}],"author":[{"embeddable":true,"href":"https:\/\/crapa.org.br\/index.php?rest_route=\/wp\/v2\/users\/25"}],"replies":[{"embeddable":true,"href":"https:\/\/crapa.org.br\/index.php?rest_route=%2Fwp%2Fv2%2Fcomments&post=62398"}],"version-history":[{"count":0,"href":"https:\/\/crapa.org.br\/index.php?rest_route=\/wp\/v2\/pages\/62398\/revisions"}],"wp:attachment":[{"href":"https:\/\/crapa.org.br\/index.php?rest_route=%2Fwp%2Fv2%2Fmedia&parent=62398"}],"curies":[{"name":"wp","href":"https:\/\/api.w.org\/{rel}","templated":true}]}}